{"id":839,"date":"2017-12-14T11:04:03","date_gmt":"2017-12-14T11:04:03","guid":{"rendered":"http:\/\/ja.sfdiabete.org\/?page_id=839"},"modified":"2018-12-10T17:29:04","modified_gmt":"2018-12-10T17:29:04","slug":"ja-2017","status":"publish","type":"page","link":"http:\/\/ja.sfdiabete.org\/index.php\/ja-2017\/","title":{"rendered":"JA 2017 &#8211; ARCHIVES"},"content":{"rendered":"<p>[et_pb_section admin_label=\u00a0\u00bbSection\u00a0\u00bb fullwidth=\u00a0\u00bboff\u00a0\u00bb specialty=\u00a0\u00bboff\u00a0\u00bb transparent_background=\u00a0\u00bboff\u00a0\u00bb allow_player_pause=\u00a0\u00bboff\u00a0\u00bb inner_shadow=\u00a0\u00bboff\u00a0\u00bb parallax=\u00a0\u00bboff\u00a0\u00bb parallax_method=\u00a0\u00bboff\u00a0\u00bb padding_mobile=\u00a0\u00bboff\u00a0\u00bb make_fullwidth=\u00a0\u00bboff\u00a0\u00bb use_custom_width=\u00a0\u00bboff\u00a0\u00bb width_unit=\u00a0\u00bbon\u00a0\u00bb make_equal=\u00a0\u00bboff\u00a0\u00bb use_custom_gutter=\u00a0\u00bboff\u00a0\u00bb][et_pb_row admin_label=\u00a0\u00bbLigne\u00a0\u00bb make_fullwidth=\u00a0\u00bboff\u00a0\u00bb use_custom_width=\u00a0\u00bboff\u00a0\u00bb width_unit=\u00a0\u00bbon\u00a0\u00bb use_custom_gutter=\u00a0\u00bboff\u00a0\u00bb padding_mobile=\u00a0\u00bboff\u00a0\u00bb allow_player_pause=\u00a0\u00bboff\u00a0\u00bb parallax=\u00a0\u00bboff\u00a0\u00bb parallax_method=\u00a0\u00bboff\u00a0\u00bb make_equal=\u00a0\u00bboff\u00a0\u00bb parallax_1=\u00a0\u00bboff\u00a0\u00bb parallax_method_1=\u00a0\u00bboff\u00a0\u00bb column_padding_mobile=\u00a0\u00bbon\u00a0\u00bb][et_pb_column type=\u00a0\u00bb4_4&Prime;][et_pb_text admin_label=\u00a0\u00bbTexte\u00a0\u00bb background_layout=\u00a0\u00bblight\u00a0\u00bb text_orientation=\u00a0\u00bbleft\u00a0\u00bb use_border_color=\u00a0\u00bboff\u00a0\u00bb border_color=\u00a0\u00bb#ffffff\u00a0\u00bb border_style=\u00a0\u00bbsolid\u00a0\u00bb]<\/p>\n<h2>EDITION 2017<\/h2>\n<p><a href=\"http:\/\/ja.sfdiabete.org\/wp-content\/uploads\/2017\/12\/Bandeau2017.jpg\"><img loading=\"lazy\" decoding=\"async\" class=\"alignnone wp-image-886 size-full\" src=\"http:\/\/ja.sfdiabete.org\/wp-content\/uploads\/2017\/12\/Bandeau2017.jpg\" alt=\"Bandeau2017\" width=\"1166\" height=\"554\" srcset=\"http:\/\/ja.sfdiabete.org\/wp-content\/uploads\/2017\/12\/Bandeau2017.jpg 1166w, http:\/\/ja.sfdiabete.org\/wp-content\/uploads\/2017\/12\/Bandeau2017-300x143.jpg 300w, http:\/\/ja.sfdiabete.org\/wp-content\/uploads\/2017\/12\/Bandeau2017-1024x487.jpg 1024w, http:\/\/ja.sfdiabete.org\/wp-content\/uploads\/2017\/12\/Bandeau2017-1080x513.jpg 1080w\" sizes=\"auto, (max-width: 1166px) 100vw, 1166px\" \/><\/a><\/p>\n<h1>DIAB\u00c8TE AU F\u00c9MININ<\/h1>\n<p><strong>Espace Charenton, Paris 12\u00e8 &#8211; 17 novembre 2017<\/strong><\/p>\n<hr \/>\n<h2>Edito 2017<\/h2>\n<p>Si une similitude peut apparaitre, au premier abord, dans l\u2019impact des troubles engendr\u00e9s par le diab\u00e8te chez l\u2019homme et chez la femme, la r\u00e9alit\u00e9 pratique r\u00e9v\u00e8le des diff\u00e9rences marquantes particuli\u00e8rement pr\u00e9judiciables \u00e0 la vie d\u2019une femme.<\/p>\n<p>Le diab\u00e8te au f\u00e9minin connait ainsi des sp\u00e9cificit\u00e9s dont il faut avoir conscience afin de pouvoir apporter les solutions les mieux adapt\u00e9es \u00e0 la prise en charge d\u2019une maladie chronique provoquant chez la femme des affections lui \u00e9tant propres.<\/p>\n<p>D\u2019ailleurs, avec pr\u00e8s de 199 millions de femmes atteintes du diab\u00e8te dans le monde, chiffre qui devraient atteindre 313 millions en 2040 d\u2019apr\u00e8s les pr\u00e9visions les plus alarmistes, c\u2019est in\u00e9vitablement en raison de l\u2019actualit\u00e9 du sujet que la journ\u00e9e mondiale du diab\u00e8te a \u00e9galement choisi d\u2019\u00e9voquer les femmes et le diab\u00e8te.<\/p>\n<p>Bien s\u00fbr, l\u2019une des premi\u00e8res particularit\u00e9s venant \u00e0 l\u2019esprit lorsqu\u2019on \u00e9voque le diab\u00e8te chez la femme concerne son \u00e9tat de grossesse futur.<\/p>\n<p>La volont\u00e9 chez la femme d\u2019avoir un enfant impose d\u2019\u00e9quilibrer pr\u00e9alablement sa glyc\u00e9mie et mettre en place une surveillance plus \u00e9troite de la maladie.<\/p>\n<p>D\u2019ailleurs, le diab\u00e8te a \u00e9galement une influence sur le cycle f\u00e9minin, qu\u2019il s\u2019agisse des besoins particuliers exig\u00e9s par l\u2019adolescente atteinte d\u2019un diab\u00e8te de type 1 ou encore de l\u2019influence d\u2019une irr\u00e9gularit\u00e9 des cycles sur le d\u00e9r\u00e8glement m\u00e9tabolique.<\/p>\n<p>Pour autant, il ne s\u2019agit pas des seules difficult\u00e9s lorsqu\u2019on envisage le diab\u00e8te au f\u00e9minin compte tenu de l\u2019impact n\u00e9faste qu\u2019il peut cr\u00e9er dans les relations sociales.<\/p>\n<p>Par exemple, la prise de poids symptomatique en mati\u00e8re de diab\u00e8te de type 2 connait une r\u00e9percussion d\u2019autant plus grave que l\u2019esth\u00e9tique occupe souvent une place injustement pr\u00e9pond\u00e9rante dans nos soci\u00e9t\u00e9s m\u00e9diatis\u00e9es, \u00e0 l\u2019origine d\u2019un possible mal-\u00eatre chez la femme.<\/p>\n<p>Le mal-\u00eatre g\u00e9n\u00e9r\u00e9 par cette pathologie chez la femme peut \u00e9galement s\u2019expliquer par le risque d\u2019autant plus important de troubles d\u2019ordre sexuels, justifiant ainsi une adaptation de la prise en charge du diab\u00e8te au f\u00e9minin.<\/p>\n<p>Pour conclure, parler de la femme et du diab\u00e8te ne doit pas \u00eatre per\u00e7u comme une probl\u00e9matique uniquement f\u00e9minine mais plut\u00f4t comme une opportunit\u00e9 pour l\u2019homme de mieux comprendre les attentes du sexe oppos\u00e9.<\/p>\n<p>Ivano Mantovani,<br \/>\nPr\u00e9sident SFD Param\u00e9dical.<\/p>\n<hr \/>\n<h2>Comit\u00e9s 2017<\/h2>\n<p><span class=\"redtitre\">Comit\u00e9 d\u2019Organisation : <\/span><br \/>\n<strong>Pr\u00e9sident : Ivano Mantovani<\/strong><br \/>\nMa\u00eft\u00e9 Cressot-Guiraud<br \/>\nJacqueline Delaunay<br \/>\nMartine Samper<br \/>\nAnnie Vannier<\/p>\n<p><span class=\"redtitre\">Conseil scientifique <\/span><br \/>\n<strong>Pr\u00e9sidente : Justine Gr\u00e9goire <\/strong><br \/>\nFran\u00e7oise Arbones<br \/>\nKarine Barre<br \/>\nFanny Chanat<br \/>\nMartine Gleyzes<br \/>\nChantal Godefroid<br \/>\nLiliane Simon<\/p>\n<hr \/>\n<h2>Programme 2017<\/h2>\n<h3>MATIN\u00c9E<\/h3>\n<h5>08h45 \u201312h00<\/h5>\n<hr \/>\n<p><strong>Mod\u00e9rateurs: <em>Fanny CHANAT, Emmanuel COSSON<\/em><\/strong><\/p>\n<p><strong>08h45 \u2013 Ouverture: <em>Ivano MANTOVANI, Emmanuel COSSON<\/em><\/strong><br \/>\n09h00 \u2013 Introduction : Pourquoi cette journ\u00e9e ? <em>Ivano MANTOVANI, Emmanuel COSSON<\/em><br \/>\n09h15 \u2013 De la pubert\u00e9 \u00e0 la m\u00e9nopause: les besoins en insuline &#8211; <em>Fran\u00e7oise LORENZINI<\/em><br \/>\n09h45 \u2013 Troubles du comportement alimentaire\u00a0: comment g\u00e9rer en pratique\u00a0? &#8211; <em>Corinne BLANCHET, Aude RIGOIR<\/em><br \/>\n10h15 \u2013 Prix \u00ab Initiativ\u2019diab\u00e8te \u00bb<br \/>\nLifescan : Adolescence, diab\u00e8te et grossesse : un programme en p\u00e9diatrie &#8211; <em>Sabine DELGARD, Fran\u00e7oise ANICET<\/em><br \/>\nCoup de c\u0153ur SFD Param\u00e9dical : Cr\u00e9ation d\u2019un processus motivationnel pour la pratique de l\u2019activit\u00e9 physique sur les patients DT2. <em>Anne MORIN &#8211; L\u2019AZOU <\/em><\/p>\n<p><strong>10h30 \u2013 Pause<\/strong><\/p>\n<p><strong>Mod\u00e9rateur: <em>Anne VAMBERGUE, Agn\u00e8s DESSERPRIX<\/em><\/strong><\/p>\n<p>11h00 \u2013 Diab\u00e8te gestationnel: actualit\u00e9s &#8211; <em>Anne VAMBERGUE, C\u00e9line BERGAMASCHI\u00a0<\/em><br \/>\n11h30 \u2013 Diab\u00e8te et grossesse : ADO versus insuline &#8211; <em>Emmanuel COSSON<\/em><br \/>\n12h00 \u2013 Mise sous insuline\u00a0: une prise de poids assur\u00e9e\u00a0? <em>Fran\u00e7oise FERY<\/em><\/p>\n<h5>12h30 \u2013 14H00 D\u00e9jeuner sur place<\/h5>\n<h3><\/h3>\n<p>&nbsp;<\/p>\n<h3>APR\u00c8S-MIDI<\/h3>\n<h5>14h00 \u2013 16h30<\/h5>\n<hr \/>\n<p><strong>Mod\u00e9rateurs:\u00a0<em>Fran\u00e7oise ARBONES, Martine SAMPER<\/em><\/strong><\/p>\n<p>14h00 \u2013 Ma vie de femme diab\u00e9tique\u00a0: paroles de patientes &#8211; <em>Association AFFD: Fabienne RAGAIN-GIRE, Elodie ROUCELLE<\/em><br \/>\n14h30 \u2013 Pompe \u00e0 insuline\u00a0: comment rester chic\u00a0? <em>Anne-C\u00e9cile RATSIMBASON, Monique ROUTA<\/em><br \/>\n15h00 \u2013 F\u00e9minit\u00e9 et chaussage\u00a0: est-ce compatible\u00a0? <i>V\u00e9ronique LABBE GENTILS<\/i><br \/>\n15h30 \u2013 Diab\u00e9toporose &#8211; <em>Roland KRZENTOWSKI, Aur\u00e9lien LASSERRE <\/em><br \/>\n16h00 \u2013 La femme diab\u00e9tique et la dysfonction sexuelle &#8211; <em>Marie France PHILIPPE <\/em><\/p>\n<p><strong>16h30\u00a0\u2013\u00a0 Cl\u00f4ture<\/strong><\/p>\n<hr \/>\n<p>[\/et_pb_text][et_pb_gallery admin_label=\u00a0\u00bbGalerie\u00a0\u00bb gallery_ids=\u00a0\u00bb730,721,750,722,723,762,725,728,729,763,744&Prime; fullwidth=\u00a0\u00bboff\u00a0\u00bb show_title_and_caption=\u00a0\u00bboff\u00a0\u00bb show_pagination=\u00a0\u00bboff\u00a0\u00bb background_layout=\u00a0\u00bblight\u00a0\u00bb auto=\u00a0\u00bboff\u00a0\u00bb hover_overlay_color=\u00a0\u00bbrgba(255,255,255,0.9)\u00a0\u00bb caption_all_caps=\u00a0\u00bboff\u00a0\u00bb use_border_color=\u00a0\u00bboff\u00a0\u00bb border_color=\u00a0\u00bb#ffffff\u00a0\u00bb border_style=\u00a0\u00bbsolid\u00a0\u00bb posts_number=\u00a0\u00bb12&Prime;]<\/p>\n<p>&nbsp;<\/p>\n<p>[\/et_pb_gallery][\/et_pb_column][\/et_pb_row][\/et_pb_section]<\/p>\n","protected":false},"excerpt":{"rendered":"<p>[et_pb_section admin_label=\u00a0\u00bbSection\u00a0\u00bb fullwidth=\u00a0\u00bboff\u00a0\u00bb specialty=\u00a0\u00bboff\u00a0\u00bb transparent_background=\u00a0\u00bboff\u00a0\u00bb allow_player_pause=\u00a0\u00bboff\u00a0\u00bb inner_shadow=\u00a0\u00bboff\u00a0\u00bb parallax=\u00a0\u00bboff\u00a0\u00bb parallax_method=\u00a0\u00bboff\u00a0\u00bb padding_mobile=\u00a0\u00bboff\u00a0\u00bb make_fullwidth=\u00a0\u00bboff\u00a0\u00bb use_custom_width=\u00a0\u00bboff\u00a0\u00bb width_unit=\u00a0\u00bbon\u00a0\u00bb make_equal=\u00a0\u00bboff\u00a0\u00bb use_custom_gutter=\u00a0\u00bboff\u00a0\u00bb][et_pb_row admin_label=\u00a0\u00bbLigne\u00a0\u00bb make_fullwidth=\u00a0\u00bboff\u00a0\u00bb use_custom_width=\u00a0\u00bboff\u00a0\u00bb width_unit=\u00a0\u00bbon\u00a0\u00bb use_custom_gutter=\u00a0\u00bboff\u00a0\u00bb padding_mobile=\u00a0\u00bboff\u00a0\u00bb allow_player_pause=\u00a0\u00bboff\u00a0\u00bb parallax=\u00a0\u00bboff\u00a0\u00bb parallax_method=\u00a0\u00bboff\u00a0\u00bb make_equal=\u00a0\u00bboff\u00a0\u00bb parallax_1=\u00a0\u00bboff\u00a0\u00bb parallax_method_1=\u00a0\u00bboff\u00a0\u00bb column_padding_mobile=\u00a0\u00bbon\u00a0\u00bb][et_pb_column type=\u00a0\u00bb4_4&Prime;][et_pb_text admin_label=\u00a0\u00bbTexte\u00a0\u00bb background_layout=\u00a0\u00bblight\u00a0\u00bb text_orientation=\u00a0\u00bbleft\u00a0\u00bb use_border_color=\u00a0\u00bboff\u00a0\u00bb border_color=\u00a0\u00bb#ffffff\u00a0\u00bb border_style=\u00a0\u00bbsolid\u00a0\u00bb] EDITION 2017 DIAB\u00c8TE AU F\u00c9MININ Espace Charenton, Paris 12\u00e8 &#8211; 17 novembre 2017 Edito 2017 Si une similitude peut apparaitre, [&hellip;]<\/p>\n","protected":false},"author":1,"featured_media":0,"parent":0,"menu_order":0,"comment_status":"open","ping_status":"closed","template":"","meta":{"_et_pb_use_builder":"on","_et_pb_old_content":"","_et_gb_content_width":"","footnotes":""},"class_list":["post-839","page","type-page","status-publish","hentry"],"_links":{"self":[{"href":"http:\/\/ja.sfdiabete.org\/index.php\/wp-json\/wp\/v2\/pages\/839","targetHints":{"allow":["GET"]}}],"collection":[{"href":"http:\/\/ja.sfdiabete.org\/index.php\/wp-json\/wp\/v2\/pages"}],"about":[{"href":"http:\/\/ja.sfdiabete.org\/index.php\/wp-json\/wp\/v2\/types\/page"}],"author":[{"embeddable":true,"href":"http:\/\/ja.sfdiabete.org\/index.php\/wp-json\/wp\/v2\/users\/1"}],"replies":[{"embeddable":true,"href":"http:\/\/ja.sfdiabete.org\/index.php\/wp-json\/wp\/v2\/comments?post=839"}],"version-history":[{"count":7,"href":"http:\/\/ja.sfdiabete.org\/index.php\/wp-json\/wp\/v2\/pages\/839\/revisions"}],"predecessor-version":[{"id":1090,"href":"http:\/\/ja.sfdiabete.org\/index.php\/wp-json\/wp\/v2\/pages\/839\/revisions\/1090"}],"wp:attachment":[{"href":"http:\/\/ja.sfdiabete.org\/index.php\/wp-json\/wp\/v2\/media?parent=839"}],"curies":[{"name":"wp","href":"https:\/\/api.w.org\/{rel}","templated":true}]}}