{"id":632,"date":"2017-04-28T12:32:39","date_gmt":"2017-04-28T12:32:39","guid":{"rendered":"http:\/\/ja.sfdiabete.org\/?page_id=632"},"modified":"2019-07-16T00:35:27","modified_gmt":"2019-07-16T00:35:27","slug":"mentions-legales","status":"publish","type":"page","link":"http:\/\/ja.sfdiabete.org\/index.php\/mentions-legales\/","title":{"rendered":"Mentions L\u00e9gales"},"content":{"rendered":"<h3><b>\u00c9diteur<\/b><\/h3>\n<p>Le pr\u00e9sent site est la propri\u00e9t\u00e9 de de la Soci\u00e9t\u00e9 Francophone du Diab\u00e8te (SFD), dont l\u2019adresse est : SFD, 60 rue Saint-Lazare, 75009 Paris.<\/p>\n<p>Cr\u00e9ation, Conception et r\u00e9alisation : Luciana Berrebi, In2Events Congr\u00e8s &amp; S\u00e9minaires SAS, 7bis rue M\u00e9rim\u00e9e, 75116 Paris \u2013 <a href=\"mailto:contact@in2events.eu\">contact@in2events.eu<\/a><\/p>\n<p>Graphisme : Marie Mercier Graphiste (<a href=\"http:\/\/www.merciermarie.com\">http:\/\/www.merciermarie.com<\/a>)<\/p>\n<h3><\/h3>\n<h3><strong>Publication<\/strong><\/h3>\n<p>La mise \u00e0 jour du site est r\u00e9alis\u00e9e par Luciana Berrebi, In2Events Congr\u00e8s &amp; S\u00e9minaires SAS.<\/p>\n<h3><\/h3>\n<h3><strong>H\u00e9bergement<\/strong><\/h3>\n<p>L\u2019h\u00e9bergement du site de la SFD est assur\u00e9 par la soci\u00e9t\u00e9 o2switch, SARL au capital de 100.000\u20ac, RCS Clermont-Ferrand, SIRET : 510 909 80700024, TVA : FR35510909807, dont le si\u00e8ge social est situ\u00e9 222-224 Boulevard Gustave Flaubert, 63000 Clermont-Ferrand, France.<\/p>\n<h3><strong>Confidentialit\u00e9<\/strong><\/h3>\n<h5><strong>Cookies<\/strong><\/h5>\n<p>Les cookies envoy\u00e9s par le serveur ont uniquement pour fonction d\u2019am\u00e9liorer le confort de navigation sur le site. Leur non acceptation par votre navigateur n\u2019entra\u00eene aucune restriction concernant l\u2019acc\u00e8s au contenu. La dur\u00e9e de vie des cookies envoy\u00e9s est limit\u00e9e \u00e0 la dur\u00e9e de la session en cours.<\/p>\n<h5><strong>Confidentialit\u00e9 des donn\u00e9es<\/strong><\/h5>\n<p>In2Events Congr\u00e8s &amp; S\u00e9minaires SAS n\u2019utilise les informations que vous lui transmettez que pour promouvoir la Journ\u00e9e d\u2019Automne de la SFD via ses newsletters d\u00e9di\u00e9es \u00e0 ce congr\u00e8s.<\/p>\n<h5><strong>Communication de vos donn\u00e9es personnelles \u00e0 des tiers<\/strong><\/h5>\n<p>In2Events Congr\u00e8s &amp; S\u00e9minaires SAS ne vend, ni ne loue, ni ne communique \u00e0 des tiers les informations vous\u00a0concernant.<\/p>\n<h5><strong>Modification de vos informations<\/strong><\/h5>\n<p>En application des articles 39 et suivants de la loi du 6 janvier 1978 modifi\u00e9e, vous disposez d\u2019un droit d\u2019acc\u00e8s et de rectification sur les donn\u00e9es vous concernant. Pour exercer ces droits, il vous suffit de contacter par mail ou courrier l\u2019\u00e9diteur de ce site.<\/p>\n","protected":false},"excerpt":{"rendered":"<p>\u00c9diteur Le pr\u00e9sent site est la propri\u00e9t\u00e9 de de la Soci\u00e9t\u00e9 Francophone du Diab\u00e8te (SFD), dont l\u2019adresse est : SFD, 60 rue Saint-Lazare, 75009 Paris. Cr\u00e9ation, Conception et r\u00e9alisation : Luciana Berrebi, In2Events Congr\u00e8s &amp; S\u00e9minaires SAS, 7bis rue M\u00e9rim\u00e9e, 75116 Paris \u2013 contact@in2events.eu Graphisme : Marie Mercier Graphiste (http:\/\/www.merciermarie.com) Publication La mise \u00e0 jour [&hellip;]<\/p>\n","protected":false},"author":1,"featured_media":0,"parent":0,"menu_order":0,"comment_status":"open","ping_status":"closed","template":"","meta":{"_et_pb_use_builder":"","_et_pb_old_content":"","_et_gb_content_width":"","footnotes":""},"class_list":["post-632","page","type-page","status-publish","hentry"],"_links":{"self":[{"href":"http:\/\/ja.sfdiabete.org\/index.php\/wp-json\/wp\/v2\/pages\/632","targetHints":{"allow":["GET"]}}],"collection":[{"href":"http:\/\/ja.sfdiabete.org\/index.php\/wp-json\/wp\/v2\/pages"}],"about":[{"href":"http:\/\/ja.sfdiabete.org\/index.php\/wp-json\/wp\/v2\/types\/page"}],"author":[{"embeddable":true,"href":"http:\/\/ja.sfdiabete.org\/index.php\/wp-json\/wp\/v2\/users\/1"}],"replies":[{"embeddable":true,"href":"http:\/\/ja.sfdiabete.org\/index.php\/wp-json\/wp\/v2\/comments?post=632"}],"version-history":[{"count":8,"href":"http:\/\/ja.sfdiabete.org\/index.php\/wp-json\/wp\/v2\/pages\/632\/revisions"}],"predecessor-version":[{"id":1412,"href":"http:\/\/ja.sfdiabete.org\/index.php\/wp-json\/wp\/v2\/pages\/632\/revisions\/1412"}],"wp:attachment":[{"href":"http:\/\/ja.sfdiabete.org\/index.php\/wp-json\/wp\/v2\/media?parent=632"}],"curies":[{"name":"wp","href":"https:\/\/api.w.org\/{rel}","templated":true}]}}