{"id":494,"date":"2017-03-06T11:45:04","date_gmt":"2017-03-06T11:45:04","guid":{"rendered":"http:\/\/ja.sfdiabete.org\/?page_id=494"},"modified":"2017-03-13T16:25:15","modified_gmt":"2017-03-13T16:25:15","slug":"ja-2017-archives","status":"publish","type":"page","link":"http:\/\/ja.sfdiabete.org\/index.php\/ja-2017-archives\/","title":{"rendered":"JA 2016 &#8211; ARCHIVES"},"content":{"rendered":"<h2>EDITION 2016<\/h2>\n<p><a href=\"http:\/\/ja.sfdiabete.org\/wp-content\/uploads\/2017\/03\/COUV2016.png\"><img loading=\"lazy\" decoding=\"async\" src=\"http:\/\/ja.sfdiabete.org\/wp-content\/uploads\/2017\/03\/COUV2016.png\" alt=\"COUV2016\" width=\"1240\" height=\"554\" class=\"aligncenter size-full wp-image-579\" srcset=\"http:\/\/ja.sfdiabete.org\/wp-content\/uploads\/2017\/03\/COUV2016.png 1240w, http:\/\/ja.sfdiabete.org\/wp-content\/uploads\/2017\/03\/COUV2016-300x134.png 300w, http:\/\/ja.sfdiabete.org\/wp-content\/uploads\/2017\/03\/COUV2016-1024x457.png 1024w, http:\/\/ja.sfdiabete.org\/wp-content\/uploads\/2017\/03\/COUV2016-1080x483.png 1080w\" sizes=\"auto, (max-width: 1240px) 100vw, 1240px\" \/><\/a><br \/>\n<H1>DIAB\u00c8TE : PR\u00c9VENTION ET D\u00c9PISTAGE<\/H1><\/p>\n<h2>Les param\u00e9dicaux, promoteurs de sant\u00e9<\/h2>\n<p><strong>H\u00f4tel Dieu, Toulouse &#8211; 25 novembre 2016<\/strong><\/p>\n<hr \/>\n<h2>Edito 2016<\/h2>\n<p>Le caract\u00e8re silencieux du diab\u00e8te de type 2 rend difficile son d\u00e9pistage en raison de la faiblesse des signes avant-coureurs, pouvant paraitre anodins s\u2019ils ne sont pas identifi\u00e9s.<\/p>\n<p>Alors m\u00eame qu\u2019elle se situe dans une phase de pr\u00e9-diab\u00e8te, l\u2019absence de prise de conscience par la personne atteinte emp\u00eache sa prise en charge par l\u2019\u00e9quipe soignante. Echappant au corps m\u00e9dical, l\u2019aggravation de sa pathologie pourrait compliquer d\u2019autant la mise en place d\u2019un traitement adapt\u00e9.<br \/>\nPour pallier cette difficult\u00e9 dans le d\u00e9pistage du diab\u00e8te, la pr\u00e9vention apparaitrait comme la meilleure des solutions. L\u2019\u00e9ducation th\u00e9rapeutique pourrait alors permettre \u00e0 toute personne \u00e0 risque d\u2019\u00eatre sensibilis\u00e9e aux signes avant-coureurs, susceptibles d\u2019annoncer la pr\u00e9sence du diab\u00e8te. Ainsi, c\u2019est la pr\u00e9vention qui am\u00e8nerait la personne vers le d\u00e9pistage du diab\u00e8te.<\/p>\n<p>Dans cette optique, il serait possible de d\u00e9terminer un profil \u00e0 risque dont les caract\u00e8res seraient pr\u00e9curseurs de la pathologie. Il serait ainsi important de rep\u00e9rer, parmi la population, les personnes dont les caract\u00e8res les feraient entrer dans ce profil annonciateur du diab\u00e8te<br \/>\nLa pr\u00e9vention permettant la rencontre du sujet \u00e0 risque avec les soignants conduit n\u00e9cessairement \u00e0 l\u2019annonce de la maladie. Etape sensible, voire traumatisante si le patient ne s\u2019y attendait pas, la chronicit\u00e9 du diab\u00e8te obligerait une certaine r\u00e9flexion dans son annonce.<br \/>\nAfin de ne pas aggraver son \u00e9tat de sant\u00e9, comment faire comprendre au patient les changements de mode de vie qu\u2019implique le diab\u00e8te ?<br \/>\nSi la personne diab\u00e9tique ignore sa pathologie, les complications qui lui seront diagnostiqu\u00e9es engendreront le d\u00e9pistage du diab\u00e8te. La pr\u00e9vention du diab\u00e8te ne reposerait alors plus sur la connaissance des signes avant-coureurs mais sur la complication elle-m\u00eame. La pr\u00e9vention et le d\u00e9pistage du diab\u00e8te paraissent pourtant essentiels dans la stabilisation de cette complication.<\/p>\n<p>Par ailleurs, les complications pourraient engendrer un d\u00e9couragement chez le patient et la pr\u00e9vention aurait alors pour r\u00f4le de maintenir sa motivation.<br \/>\nToutes ces difficult\u00e9s m\u00e9ritent r\u00e9flexion, elles n\u00e9cessitent d\u2019\u00e9laborer des rep\u00e8res utiles aux param\u00e9dicaux tant en mati\u00e8re de pr\u00e9vention que de d\u00e9pistage du diab\u00e8te.<br \/>\nTentons d\u2019y apporter, ensemble et avec vous, des r\u00e9ponses adapt\u00e9es.<\/p>\n<p>Ivano Mantovani,<br \/>\nPr\u00e9sident SFD Param\u00e9dical.<\/p>\n<hr \/>\n<h2>Comit\u00e9s 2016<\/h2>\n<p><span class=\"redtitre\">Comit\u00e9 d\u2019Organisation : <\/span><br \/>\n<strong>Pr\u00e9sident : Ivano Mantovani<\/strong><br \/>\nMa\u00eft\u00e9 Cressot-Guiraud<br \/>\nJacqueline Delaunay<br \/>\nMartine Samper<br \/>\nAnnie Vannier<\/p>\n<p><span class=\"redtitre\">Conseil scientifique <\/span><br \/>\n<strong>Pr\u00e9sidente : Elise Hamon <\/strong><br \/>\nKarine Barre<br \/>\nEmilie Bourcelot<br \/>\nFanny Chanat<br \/>\nChantal Godefroid<br \/>\nJustine Gr\u00e9goire<br \/>\nCathy Journot<br \/>\nLiliane Simon   <\/p>\n<hr \/>\n<h2>Programme 2016<\/h2>\n<p><span class=\"redtitre\">08:45 &#8211; OUVERTURE<\/span><br \/>\nPr\u00e9sidente SFD Param\u00e9dical : Jocelyne Bertoglio,<br \/>\nPr\u00e9sident d\u2019honneur : Pr Andr\u00e9 Scheen<br \/>\n<strong>08h00<\/strong>\tOuverture de l\u2019accueil<br \/>\n<strong>08h45<\/strong> \tOuverture<br \/>\n\t<em>Pr\u00e9sidente d\u2019Honneur : H\u00e9l\u00e8ne HANAIRE<br \/>\n\tMod\u00e9rateurs : H\u00e9l\u00e8ne Hanaire, Karine Barr<\/em>e<br \/>\n<strong>09h00<\/strong> Introduction : Pourquoi centrer cette journ\u00e9e autour du r\u00f4le<br \/>\n\tdes param\u00e9dicaux ? &#8211;<em> Caroline Martineau, Di\u00e9t\u00e9ticienne \u2013 Toulouse<\/em><\/p>\n<p><strong>09h15<\/strong>\tPr\u00e9-diab\u00e8te : D\u00e9finition, Quelle prise en charge ? Manuel Dolz, Diab\u00e9tologue \u2013 Paris<br \/>\n<strong>09h45<\/strong>\tL\u2019annonce de la maladie et ses repr\u00e9sentations : un enjeu pour l\u2019\u00e9ducation<br \/>\n\tth\u00e9rapeutique ? &#8211; <em>Sophie Pr\u00e9bois, Psychiatre &#8211; Toulouse<\/em><\/p>\n<p><strong>10h15<\/strong>\tPrix Initiativ\u2019diab\u00e8te : \u00abLe caf\u00e9 des parents\u00bb &#8211; <em>Claire Goyet-Belval, H\u00e9lo\u00efse Lejeune<\/em><\/p>\n<p><strong>10h30<\/strong> \tPause <\/p>\n<p>\tMod\u00e9rateurs : <em>Maith\u00e9 Cressot, Sylvie Feldman-Billard<\/em><br \/>\n<strong>11h00<\/strong> \tLa r\u00e9tinopathie diab\u00e9tique : le r\u00f4le d\u00e9terminant des param\u00e9dicaux \u00e0 tous les stades<br \/>\n\t<em>Sylvie Feldman-Billard, Diab\u00e9tologue, Ang\u00e9lique Bresson, Infirmi\u00e8re \u2013 Paris<\/em><br \/>\n<strong>11h30 <\/strong>\tLa neuropathie : qui fait le d\u00e9pistage ? Pr\u00e9vention et prise en charge<br \/>\n\t<em>Jacques Martini, Diab\u00e9tologue &#8211; Cathy Journot, Podologue \u2013 Toulouse<\/em><br \/>\n<strong>12h00<\/strong> \tLes campagnes de d\u00e9pistage &#8211; Marie Christine Chauchard, Diab\u00e9tologue \u2013 Toulouse<\/p>\n<p><strong>12h30<\/strong>\tD\u00e9jeuner sur place<br \/>\n\t<em>Mod\u00e9rateurs : Marie Christine Chauchard, Chantal Godefroid<\/em><\/p>\n<p><strong>14h00<\/strong>\tL\u2019injection d\u2019insuline est-ce juste une question d\u2019adaptation ?<br \/>\n\tD\u00e9pistage des lipohypertrophies<br \/>\n\t<em>H\u00e9l\u00e8ne Hanaire, Diab\u00e9tologue, Martine Fernandez, Infirmi\u00e8re \u2013 Toulouse<\/em><br \/>\n<strong>14h30<\/strong>\tL\u2019approche di\u00e9t\u00e9tique : composer avec les repr\u00e9sentations<br \/>\n\t<em>Justine Gr\u00e9goire, Di\u00e9t\u00e9ticienne \u2013 Nice, M\u00e9lissa Gontero-Philis, Di\u00e9t\u00e9ticienne \u2013 Avignon<\/em><br \/>\n<strong>15h00<\/strong>\tAllocation Recherche 2015<br \/>\n\tPertinence de la formulation du diagnostic di\u00e9t\u00e9tique lors d\u2019une<br \/>\n\thospitalisation chez la personne \u00e2g\u00e9e diab\u00e9tique. Proposition d\u2019un<br \/>\n\tmod\u00e8le d\u2019analyse des pratiques. <em>Nathalie Masseboeuf, Di\u00e9t\u00e9ticienne \u2013 Fr\u00e9jus<\/em><br \/>\n<strong>15h30 <\/strong>\tL\u2019activit\u00e9 physique : un outil de pr\u00e9vention et de traitement<br \/>\n\t<em>Roland Krzentowski, M\u00e9d\u00e9cin du sport \u2013 Paris<\/em><br \/>\n<strong>16h00<\/strong> \tLa sexualit\u00e9 : un sujet tabou pas toujours abord\u00e9 par les param\u00e9dicaux<br \/>\n\t<em>Fran\u00e7oise Lorenzini, Diab\u00e9tologue \u2013 Besan\u00e7on\t<\/em><br \/>\n<strong>16h30<\/strong>\tCl\u00f4ture <\/p>\n<hr \/>\n<h2>Partenaires 2016<\/h2>\n<p><img loading=\"lazy\" decoding=\"async\" src=\"http:\/\/ja.sfdiabete.org\/wp-content\/uploads\/2017\/03\/Capture-d\u2019e\u0301cran-2017-03-13-a\u0300-17.18.59.png\" alt=\"Capture d\u2019e\u0301cran 2017-03-13 a\u0300 17.18.59\" width=\"759\" height=\"448\" class=\"aligncenter size-full wp-image-590\" srcset=\"http:\/\/ja.sfdiabete.org\/wp-content\/uploads\/2017\/03\/Capture-d\u2019e\u0301cran-2017-03-13-a\u0300-17.18.59.png 759w, http:\/\/ja.sfdiabete.org\/wp-content\/uploads\/2017\/03\/Capture-d\u2019e\u0301cran-2017-03-13-a\u0300-17.18.59-300x177.png 300w\" sizes=\"auto, (max-width: 759px) 100vw, 759px\" \/><\/p>\n","protected":false},"excerpt":{"rendered":"<p>EDITION 2016 DIAB\u00c8TE : PR\u00c9VENTION ET D\u00c9PISTAGE Les param\u00e9dicaux, promoteurs de sant\u00e9 H\u00f4tel Dieu, Toulouse &#8211; 25 novembre 2016 Edito 2016 Le caract\u00e8re silencieux du diab\u00e8te de type 2 rend difficile son d\u00e9pistage en raison de la faiblesse des signes avant-coureurs, pouvant paraitre anodins s\u2019ils ne sont pas identifi\u00e9s. Alors m\u00eame qu\u2019elle se situe dans [&hellip;]<\/p>\n","protected":false},"author":1,"featured_media":0,"parent":0,"menu_order":0,"comment_status":"open","ping_status":"open","template":"","meta":{"_et_pb_use_builder":"","_et_pb_old_content":"","_et_gb_content_width":"","footnotes":""},"class_list":["post-494","page","type-page","status-publish","hentry"],"_links":{"self":[{"href":"http:\/\/ja.sfdiabete.org\/index.php\/wp-json\/wp\/v2\/pages\/494","targetHints":{"allow":["GET"]}}],"collection":[{"href":"http:\/\/ja.sfdiabete.org\/index.php\/wp-json\/wp\/v2\/pages"}],"about":[{"href":"http:\/\/ja.sfdiabete.org\/index.php\/wp-json\/wp\/v2\/types\/page"}],"author":[{"embeddable":true,"href":"http:\/\/ja.sfdiabete.org\/index.php\/wp-json\/wp\/v2\/users\/1"}],"replies":[{"embeddable":true,"href":"http:\/\/ja.sfdiabete.org\/index.php\/wp-json\/wp\/v2\/comments?post=494"}],"version-history":[{"count":15,"href":"http:\/\/ja.sfdiabete.org\/index.php\/wp-json\/wp\/v2\/pages\/494\/revisions"}],"predecessor-version":[{"id":596,"href":"http:\/\/ja.sfdiabete.org\/index.php\/wp-json\/wp\/v2\/pages\/494\/revisions\/596"}],"wp:attachment":[{"href":"http:\/\/ja.sfdiabete.org\/index.php\/wp-json\/wp\/v2\/media?parent=494"}],"curies":[{"name":"wp","href":"https:\/\/api.w.org\/{rel}","templated":true}]}}