{"id":270,"date":"2016-05-02T10:12:19","date_gmt":"2016-05-02T10:12:19","guid":{"rendered":"http:\/\/ja.sfdiabete.org\/?page_id=270"},"modified":"2017-03-13T16:24:46","modified_gmt":"2017-03-13T16:24:46","slug":"ja-2016-archives","status":"publish","type":"page","link":"http:\/\/ja.sfdiabete.org\/index.php\/ja-2016-archives\/","title":{"rendered":"JA 2015 &#8211; ARCHIVES"},"content":{"rendered":"<h2>EDITION 2015<\/h2>\n<p><img loading=\"lazy\" decoding=\"async\" src=\"http:\/\/ja.sfdiabete.org\/wp-content\/uploads\/2016\/05\/COUV2015.png\" alt=\"COUV2015\" width=\"1240\" height=\"554\" class=\"aligncenter size-full wp-image-576\" srcset=\"http:\/\/ja.sfdiabete.org\/wp-content\/uploads\/2016\/05\/COUV2015.png 1240w, http:\/\/ja.sfdiabete.org\/wp-content\/uploads\/2016\/05\/COUV2015-300x134.png 300w, http:\/\/ja.sfdiabete.org\/wp-content\/uploads\/2016\/05\/COUV2015-1024x457.png 1024w, http:\/\/ja.sfdiabete.org\/wp-content\/uploads\/2016\/05\/COUV2015-1080x483.png 1080w\" sizes=\"auto, (max-width: 1240px) 100vw, 1240px\" \/><\/p>\n<p><H1>DIAB\u00c8TE ET OB\u00c9SIT\u00c9<\/H1><\/p>\n<h2>Une prise en charge sur mesure<\/h2>\n<p><strong>Espace Charenton, Paris 12\u00e8me &#8211; 20 novembre 2015<\/strong><\/p>\n<hr \/>\n<h2>Edito 2015<\/h2>\n<p>A l\u2019heure o\u00f9 Diab\u00e8te et Ob\u00e9sit\u00e9 en France, se posent comme de v\u00e9ritables enjeux de Sant\u00e9 Publique,et devant le nombre de patients concern\u00e9s, il nous a sembl\u00e9 essentiel de consacrer notre Journ\u00e9e d\u2019Automne \u00e0 ces deux pathologies intimement li\u00e9e.<\/p>\n<p>L\u2019intervention concert\u00e9e et la collaboration pluridisciplinaire de nombreux professionnels de sant\u00e9 sont indispensables pour r\u00e9pondre au caract\u00e8re sp\u00e9cifique et multifactoriel, de cette maladie m\u00e9tabolique qu\u2019est l\u2019ob\u00e9sit\u00e9 et pour qui le regard de la Soci\u00e9t\u00e9 n\u2019est pas toujours indulgent.<\/p>\n<p>Tout au long de la journ\u00e9e, nous aborderons diff\u00e9rentes pistes de r\u00e9flexion depuis les m\u00e9canismes de l\u2019insulino r\u00e9sistance, aux nouveaux traitements en passant par l\u2019approche nutritionnelle et comportementale, sans oublier la place th\u00e9rapeutique de l\u2019activit\u00e9 physique, afin de tenter d\u2019apporter des r\u00e9ponses adapt\u00e9es et individualis\u00e9es pour tous nos patients diab\u00e9tiques.<\/p>\n<p>Nous esp\u00e9rons vous y retrouver tr\u00e8s nombreux.<\/p>\n<p>Jocelyne Bertoglio<br \/>\nPr\u00e9sidente.<\/p>\n<hr \/>\n<h2>Comit\u00e9s 2015<\/h2>\n<p><span class=\"redtitre\">Comit\u00e9 d\u2019Organisation : <\/span><br \/>\n<strong>Pr\u00e9sidente : Jocelyne Bertoglio<br \/>\n<\/strong>Didier Daubit<br \/>\nMa\u00eft\u00e9 Guiraud<br \/>\nIvano Mantovani<br \/>\nMartine Samper<br \/>\nAnnie Vannier <\/p>\n<p><span class=\"redtitre\">Conseil scientifique <\/span><br \/>\n<strong>Pr\u00e9sidente : Elise Hamon<br \/>\n<\/strong>Emilie Bourcelot<br \/>\nFanny Chanat<br \/>\nChantal Godefroid<br \/>\nCathy Journot<br \/>\nLiliane Simon  <\/p>\n<hr \/>\n<h2>Programme 2015<\/h2>\n<p><span class=\"redtitre\">08:45 &#8211; OUVERTURE<\/span><br \/>\nPr\u00e9sidente SFD Param\u00e9dical : Jocelyne Bertoglio,<br \/>\nPr\u00e9sident d\u2019honneur : Pr Andr\u00e9 Scheen<\/p>\n<ul>\n<li><span class=\"redpetit\">09:00 &#8211; 10:30<\/span> &#8211; Mod\u00e9rateurs<br \/>\n<em>Marie Laure Cottez<\/em><\/li>\n<li><span class=\"redpetit\">09:30 <\/span> &#8211; Les m\u00e9canismes de l\u2019insulinor\u00e9sistance<br \/>\n<em>Dr Nicolas Paquot, Li\u00e8ge, Belgique<\/em><\/li>\n<li><span class=\"redpetit\">10:00 <\/span>&#8211; Prix \u00abInitiativ\u2019Diab\u00e8te\u00bb SFD Param\u00e9dical 2015<br \/>\nRemise Allocation Recherche Lifescan \/ SFD Param\u00e9dical 2015<\/li>\n<\/ul>\n<p><strong><span class=\"redtitre\">10:30 &#8211; PAUSE<\/strong><\/span><\/p>\n<ul>\n<li><span class=\"redpetit\">10:30 &#8211; 12:15 <\/span>&#8211; Mod\u00e9rateurs<br \/>\n<em>Dr Nicolas Paquot, Pascale Martini<\/em><\/li>\n<li><span class=\"redpetit\">11:00<\/span> &#8211; L&rsquo;influence des traitements diab\u00e9tiques sur le poids<br \/>\n<em>Pr. Yves Reznik, Caen<\/em><\/li>\n<li><span class=\"redpetit\">11:30 <\/span>&#8211; L&rsquo;\u00e9chec des r\u00e9gimes<br \/>\n<em>Pr Louis Monnier, Montpellier<\/em><\/li>\n<\/ul>\n<p><strong><span class=\"redtitre\">12:15 &#8211; D\u00c9JEUNER SUR PLACE<\/strong><\/span><\/p>\n<ul>\n<li><span class=\"redpetit\">14:00 &#8211; 16:30<\/span> &#8211; Mod\u00e9rateurs :<br \/>\n<em>Pr Jean-Louis Sadoul, Pr Freddy Penfornis, Justine Gr\u00e9goire<\/em><\/p>\n<ul>\n<li><span class=\"redpetit\">14:00<\/span> &#8211; La chirurgie m\u00e9tabolique est-elle le meilleur traitement du DT2 ?<br \/>\n<em>Pr Fran\u00e7ois Pattou , Lille &#8211; Dr Florence Galtier, Montpellier<\/em><\/li>\n<li><span class=\"redpetit\">14:30 <\/span>&#8211; Approche nutritionnelle et comportementale<br \/>\n<em>Dr Combes, Emilie Bourcelot (di\u00e9t\u00e9ticienne), Besan\u00e7on<\/em><\/li>\n<li><span class=\"redpetit\">15:00 <\/span>&#8211; Place th\u00e9rapeutique de l\u2019activit\u00e9 physique,<br \/>\n<em>Pr Vincent Gr\u00e9meaux, Dijon<\/em><\/li>\n<li><span class=\"redpetit\">15:30 <\/span>&#8211; HYPNODIET : un PHRIP et une prise en charge innovante du patient ob\u00e8se<br \/>\n<em>Guillaume Lehericey, Di\u00e9t\u00e9ticien-Nutritionniste, Paris<\/em><\/li>\n<\/ul>\n<\/li>\n<\/ul>\n<p><span class=\"redtitre\">16:30 &#8211; CL\u00d4TURE<\/span><\/p>\n<hr \/>\n<h2>Partenaires 2015<\/h2>\n<p><img loading=\"lazy\" decoding=\"async\" class=\" wp-image-148 size-full alignleft\" src=\"http:\/\/ja.sfdiabete.org\/wp-content\/uploads\/2015\/07\/ABOTT-WEB.jpg\" alt=\"ABOTT-WEB\" width=\"206\" height=\"66\" \/><img loading=\"lazy\" decoding=\"async\" class=\" size-full wp-image-241 alignleft\" src=\"http:\/\/ja.sfdiabete.org\/wp-content\/uploads\/2015\/07\/ASTRA.jpg\" alt=\"ASTRA\" width=\"206\" height=\"66\" \/><img loading=\"lazy\" decoding=\"async\" class=\"alignleft wp-image-246 size-full\" src=\"http:\/\/ja.sfdiabete.org\/wp-content\/uploads\/2015\/07\/BD.jpg\" alt=\"BD\" width=\"156\" height=\"66\" \/><img loading=\"lazy\" decoding=\"async\" class=\"alignnone size-full wp-image-249\" src=\"http:\/\/ja.sfdiabete.org\/wp-content\/uploads\/2015\/07\/M.jpg\" alt=\"M\" width=\"127\" height=\"66\" \/><img loading=\"lazy\" decoding=\"async\" class=\"alignnone size-full wp-image-251\" src=\"http:\/\/ja.sfdiabete.org\/wp-content\/uploads\/2015\/07\/JONSON.jpg\" alt=\"JONSON\" width=\"433\" height=\"66\" srcset=\"http:\/\/ja.sfdiabete.org\/wp-content\/uploads\/2015\/07\/JONSON.jpg 433w, http:\/\/ja.sfdiabete.org\/wp-content\/uploads\/2015\/07\/JONSON-432x66.jpg 432w\" sizes=\"auto, (max-width: 433px) 100vw, 433px\" \/><img loading=\"lazy\" decoding=\"async\" class=\"alignnone size-full wp-image-253\" src=\"http:\/\/ja.sfdiabete.org\/wp-content\/uploads\/2015\/07\/lilly.jpg\" alt=\"lilly\" width=\"206\" height=\"66\" \/><img loading=\"lazy\" decoding=\"async\" class=\"alignnone size-full wp-image-257\" src=\"http:\/\/ja.sfdiabete.org\/wp-content\/uploads\/2015\/11\/medtronic.jpg\" alt=\"medtronic\" width=\"206\" height=\"66\" \/><img loading=\"lazy\" decoding=\"async\" class=\"alignnone size-full wp-image-258\" src=\"http:\/\/ja.sfdiabete.org\/wp-content\/uploads\/2015\/07\/novalab.jpg\" alt=\"novalab\" width=\"156\" height=\"66\" \/><img loading=\"lazy\" decoding=\"async\" class=\"alignnone size-full wp-image-259\" src=\"http:\/\/ja.sfdiabete.org\/wp-content\/uploads\/2015\/07\/nestle.jpg\" alt=\"nestle\" width=\"94\" height=\"66\" \/><img loading=\"lazy\" decoding=\"async\" class=\"alignnone size-full wp-image-260\" src=\"http:\/\/ja.sfdiabete.org\/wp-content\/uploads\/2015\/07\/owen.jpg\" alt=\"owen\" width=\"206\" height=\"66\" \/><img loading=\"lazy\" decoding=\"async\" class=\"alignnone size-full wp-image-261\" src=\"http:\/\/ja.sfdiabete.org\/wp-content\/uploads\/2015\/07\/roche.jpg\" alt=\"roche\" width=\"156\" height=\"66\" \/><img loading=\"lazy\" decoding=\"async\" class=\"alignnone size-full wp-image-262\" src=\"http:\/\/ja.sfdiabete.org\/wp-content\/uploads\/2015\/07\/sanofi.jpg\" alt=\"sanofi\" width=\"206\" height=\"66\" \/><img loading=\"lazy\" decoding=\"async\" class=\"alignnone size-full wp-image-264\" src=\"http:\/\/ja.sfdiabete.org\/wp-content\/uploads\/2015\/07\/vitale.jpg\" alt=\"vitale\" width=\"131\" height=\"66\" \/><\/p>\n","protected":false},"excerpt":{"rendered":"<p>EDITION 2015 DIAB\u00c8TE ET OB\u00c9SIT\u00c9 Une prise en charge sur mesure Espace Charenton, Paris 12\u00e8me &#8211; 20 novembre 2015 Edito 2015 A l\u2019heure o\u00f9 Diab\u00e8te et Ob\u00e9sit\u00e9 en France, se posent comme de v\u00e9ritables enjeux de Sant\u00e9 Publique,et devant le nombre de patients concern\u00e9s, il nous a sembl\u00e9 essentiel de consacrer notre Journ\u00e9e d\u2019Automne \u00e0 [&hellip;]<\/p>\n","protected":false},"author":1,"featured_media":0,"parent":0,"menu_order":0,"comment_status":"open","ping_status":"open","template":"","meta":{"_et_pb_use_builder":"off","_et_pb_old_content":"<h2>EDITION 2015<\/h2>\r\n<img class=\"alignnone size-full wp-image-275\" src=\"http:\/\/ja.sfdiabete.org\/wp-content\/uploads\/2016\/05\/Capture-d\u2019e\u0301cran-2016-05-02-a\u0300-12.19.01.png\" alt=\"Capture d\u2019e\u0301cran 2016-05-02 a\u0300 12.19.01\" width=\"991\" height=\"400\" \/>\r\n<h2>Edito 2015<\/h2>\r\nA l\u2019heure o\u00f9 Diab\u00e8te et Ob\u00e9sit\u00e9 en France, se posent comme de v\u00e9ritables enjeux de Sant\u00e9 Publique,et devant le nombre de patients concern\u00e9s, il nous a sembl\u00e9 essentiel de consacrer notre Journ\u00e9e d\u2019Automne \u00e0 ces deux pathologies intimement li\u00e9e.\r\n\r\nL\u2019intervention concert\u00e9e et la collaboration pluridisciplinaire de nombreux professionnels de sant\u00e9 sont indispensables pour r\u00e9pondre au caract\u00e8re sp\u00e9cifique et multifactoriel, de cette maladie m\u00e9tabolique qu\u2019est l\u2019ob\u00e9sit\u00e9 et pour qui le regard de la Soci\u00e9t\u00e9 n\u2019est pas toujours indulgent.\r\n\r\nTout au long de la journ\u00e9e, nous aborderons diff\u00e9rentes pistes de r\u00e9flexion depuis les m\u00e9canismes de l\u2019insulino r\u00e9sistance, aux nouveaux traitements en passant par l\u2019approche nutritionnelle et comportementale, sans oublier la place th\u00e9rapeutique de l\u2019activit\u00e9 physique, afin de tenter d\u2019apporter des r\u00e9ponses adapt\u00e9es et individualis\u00e9es pour tous nos patients diab\u00e9tiques.\r\n\r\nNous esp\u00e9rons vous y retrouver tr\u00e8s nombreux.\r\n\r\nJocelyne Bertoglio\r\nPr\u00e9sidente.\r\n\r\n<hr \/>\r\n\r\n<h2>Comit\u00e9s 2015<\/h2>\r\n<span class=\"redtitre\">Comit\u00e9 d\u2019Organisation : <\/span>\r\n<strong>Pr\u00e9sidente : Jocelyne Bertoglio\r\n<\/strong>Didier Daubit \r\nMa\u00eft\u00e9 Guiraud\r\nIvano Mantovani \r\nMartine Samper \r\nAnnie Vannier \r\n\r\n<span class=\"redtitre\">Conseil scientifique <\/span>\r\n<strong>Pr\u00e9sidente : Elise Hamon \r\n<\/strong>Emilie Bourcelot\r\nFanny Chanat\r\nChantal Godefroid\r\nCathy Journot\r\nLiliane Simon  \r\n\r\n<hr \/>\r\n<h2>Programme 2015<\/h2>\r\n<span class=\"redtitre\">08:45 - OUVERTURE<\/span>\r\nPr\u00e9sidente SFD Param\u00e9dical : Jocelyne Bertoglio,\r\nPr\u00e9sident d\u2019honneur : Pr Andr\u00e9 Scheen\r\n<ul>\r\n\t<li><span class=\"redpetit\">09:00 - 10:30<\/span> - Mod\u00e9rateurs\r\n<em>Marie Laure Cottez<\/em><\/li>\r\n\t<li><span class=\"redpetit\">09:30 <\/span> - Les m\u00e9canismes de l\u2019insulinor\u00e9sistance\r\n<em>Dr Nicolas Paquot, Li\u00e8ge, Belgique<\/em><\/li>\r\n\t<li><span class=\"redpetit\">10:00 <\/span>- Prix \u00abInitiativ\u2019Diab\u00e8te\u00bb SFD Param\u00e9dical 2015\r\nRemise Allocation Recherche Lifescan \/ SFD Param\u00e9dical 2015<\/li>\r\n<\/ul>\r\n<strong><span class=\"redtitre\">10:30 - PAUSE<\/strong><\/span>\r\n<ul>\r\n\t<li><span class=\"redpetit\">10:30 - 12:15 <\/span>- Mod\u00e9rateurs\r\n<em>Dr Nicolas Paquot, Pascale Martini<\/em><\/li>\r\n\t<li><span class=\"redpetit\">11:00<\/span> - L'influence des traitements diab\u00e9tiques sur le poids\r\n<em>Pr. Yves Reznik, Caen<\/em><\/li>\r\n\t<li><span class=\"redpetit\">11:30 <\/span>- L'\u00e9chec des r\u00e9gimes\r\n<em>Pr Louis Monnier, Montpellier<\/em><\/li>\r\n<\/ul>\r\n<strong><span class=\"redtitre\">12:15 - D\u00c9JEUNER SUR PLACE<\/strong><\/span>\r\n<ul>\r\n\t<li><span class=\"redpetit\">14:00 - 16:30<\/span> - Mod\u00e9rateurs :\r\n<em>Pr Jean-Louis Sadoul, Pr Freddy Penfornis, Justine Gr\u00e9goire<\/em>\r\n<ul>\r\n\t<li><span class=\"redpetit\">14:00<\/span> - La chirurgie m\u00e9tabolique est-elle le meilleur traitement du DT2 ?\r\n<em>Pr Fran\u00e7ois Pattou , Lille - Dr Florence Galtier, Montpellier<\/em><\/li>\r\n\t<li><span class=\"redpetit\">14:30 <\/span>- Approche nutritionnelle et comportementale\r\n<em>Dr Combes, Emilie Bourcelot (di\u00e9t\u00e9ticienne), Besan\u00e7on<\/em><\/li>\r\n\t<li><span class=\"redpetit\">15:00 <\/span>- Place th\u00e9rapeutique de l\u2019activit\u00e9 physique,\r\n<em>Pr Vincent Gr\u00e9meaux, Dijon<\/em><\/li>\r\n\t<li><span class=\"redpetit\">15:30 <\/span>- HYPNODIET : un PHRIP et une prise en charge innovante du patient ob\u00e8se\r\n<em>Guillaume Lehericey, Di\u00e9t\u00e9ticien-Nutritionniste, Paris<\/em><\/li>\r\n<\/ul>\r\n<\/li>\r\n<\/ul>\r\n<span class=\"redtitre\">16:30 - CL\u00d4TURE<\/span>\r\n\r\n<hr \/>\r\n\r\n<h2>Partenaires 2015<\/h2>\r\n<img class=\" wp-image-148 size-full alignleft\" src=\"http:\/\/ja.sfdiabete.org\/wp-content\/uploads\/2015\/07\/ABOTT-WEB.jpg\" alt=\"ABOTT-WEB\" width=\"206\" height=\"66\" \/><img class=\" size-full wp-image-241 alignleft\" src=\"http:\/\/ja.sfdiabete.org\/wp-content\/uploads\/2015\/07\/ASTRA.jpg\" alt=\"ASTRA\" width=\"206\" height=\"66\" \/><img class=\"alignleft wp-image-246 size-full\" src=\"http:\/\/ja.sfdiabete.org\/wp-content\/uploads\/2015\/07\/BD.jpg\" alt=\"BD\" width=\"156\" height=\"66\" \/><img class=\"alignnone size-full wp-image-249\" src=\"http:\/\/ja.sfdiabete.org\/wp-content\/uploads\/2015\/07\/M.jpg\" alt=\"M\" width=\"127\" height=\"66\" \/><img class=\"alignnone size-full wp-image-251\" src=\"http:\/\/ja.sfdiabete.org\/wp-content\/uploads\/2015\/07\/JONSON.jpg\" alt=\"JONSON\" width=\"433\" height=\"66\" \/><img class=\"alignnone size-full wp-image-253\" src=\"http:\/\/ja.sfdiabete.org\/wp-content\/uploads\/2015\/07\/lilly.jpg\" alt=\"lilly\" width=\"206\" height=\"66\" \/><img class=\"alignnone size-full wp-image-257\" src=\"http:\/\/ja.sfdiabete.org\/wp-content\/uploads\/2015\/11\/medtronic.jpg\" alt=\"medtronic\" width=\"206\" height=\"66\" \/><img class=\"alignnone size-full wp-image-258\" src=\"http:\/\/ja.sfdiabete.org\/wp-content\/uploads\/2015\/07\/novalab.jpg\" alt=\"novalab\" width=\"156\" height=\"66\" \/><img class=\"alignnone size-full wp-image-259\" src=\"http:\/\/ja.sfdiabete.org\/wp-content\/uploads\/2015\/07\/nestle.jpg\" alt=\"nestle\" width=\"94\" height=\"66\" \/><img class=\"alignnone size-full wp-image-260\" src=\"http:\/\/ja.sfdiabete.org\/wp-content\/uploads\/2015\/07\/owen.jpg\" alt=\"owen\" width=\"206\" height=\"66\" \/><img class=\"alignnone size-full wp-image-261\" src=\"http:\/\/ja.sfdiabete.org\/wp-content\/uploads\/2015\/07\/roche.jpg\" alt=\"roche\" width=\"156\" height=\"66\" \/><img class=\"alignnone size-full wp-image-262\" src=\"http:\/\/ja.sfdiabete.org\/wp-content\/uploads\/2015\/07\/sanofi.jpg\" alt=\"sanofi\" width=\"206\" height=\"66\" \/><img class=\"alignnone size-full wp-image-264\" src=\"http:\/\/ja.sfdiabete.org\/wp-content\/uploads\/2015\/07\/vitale.jpg\" alt=\"vitale\" width=\"131\" height=\"66\" \/>","_et_gb_content_width":"","footnotes":""},"class_list":["post-270","page","type-page","status-publish","hentry"],"_links":{"self":[{"href":"http:\/\/ja.sfdiabete.org\/index.php\/wp-json\/wp\/v2\/pages\/270","targetHints":{"allow":["GET"]}}],"collection":[{"href":"http:\/\/ja.sfdiabete.org\/index.php\/wp-json\/wp\/v2\/pages"}],"about":[{"href":"http:\/\/ja.sfdiabete.org\/index.php\/wp-json\/wp\/v2\/types\/page"}],"author":[{"embeddable":true,"href":"http:\/\/ja.sfdiabete.org\/index.php\/wp-json\/wp\/v2\/users\/1"}],"replies":[{"embeddable":true,"href":"http:\/\/ja.sfdiabete.org\/index.php\/wp-json\/wp\/v2\/comments?post=270"}],"version-history":[{"count":23,"href":"http:\/\/ja.sfdiabete.org\/index.php\/wp-json\/wp\/v2\/pages\/270\/revisions"}],"predecessor-version":[{"id":595,"href":"http:\/\/ja.sfdiabete.org\/index.php\/wp-json\/wp\/v2\/pages\/270\/revisions\/595"}],"wp:attachment":[{"href":"http:\/\/ja.sfdiabete.org\/index.php\/wp-json\/wp\/v2\/media?parent=270"}],"curies":[{"name":"wp","href":"https:\/\/api.w.org\/{rel}","templated":true}]}}