{"id":1552,"date":"2020-02-20T15:00:21","date_gmt":"2020-02-20T15:00:21","guid":{"rendered":"http:\/\/ja.sfdiabete.org\/?page_id=1552"},"modified":"2020-09-29T15:25:28","modified_gmt":"2020-09-29T15:25:28","slug":"ja-2019-archives","status":"publish","type":"page","link":"http:\/\/ja.sfdiabete.org\/index.php\/ja-2019-archives\/","title":{"rendered":"JA &#8211; 2019 &#8211; ARCHIVES"},"content":{"rendered":"<p>[et_pb_section fb_built=\u00a0\u00bb1&Prime; custom_padding_last_edited=\u00a0\u00bbon|desktop\u00a0\u00bb admin_label=\u00a0\u00bbsection\u00a0\u00bb _builder_version=\u00a0\u00bb3.19.18&Prime; use_background_color_gradient=\u00a0\u00bbon\u00a0\u00bb background_color_gradient_start=\u00a0\u00bb#e02b20&Prime; background_color_gradient_end=\u00a0\u00bb#f79533&Prime; background_color_gradient_direction=\u00a0\u00bb233deg\u00a0\u00bb background_color_gradient_start_position=\u00a0\u00bb20%\u00a0\u00bb custom_padding=\u00a0\u00bb9px|0px|0|0px|false|false\u00a0\u00bb custom_padding_tablet=\u00a0\u00bb50px|0|50px|0&Prime; transparent_background=\u00a0\u00bboff\u00a0\u00bb][et_pb_row column_padding_mobile=\u00a0\u00bbon\u00a0\u00bb parallax_method_1=\u00a0\u00bboff\u00a0\u00bb admin_label=\u00a0\u00bbLigne\u00a0\u00bb _builder_version=\u00a0\u00bb3.0.48&Prime; background_size=\u00a0\u00bbinitial\u00a0\u00bb background_position=\u00a0\u00bbtop_left\u00a0\u00bb background_repeat=\u00a0\u00bbrepeat\u00a0\u00bb custom_padding=\u00a0\u00bb24.1719px|0px|12px|0px|false|false\u00a0\u00bb][et_pb_column type=\u00a0\u00bb4_4&Prime; _builder_version=\u00a0\u00bb3.0.47&Prime;][et_pb_text _builder_version=\u00a0\u00bb3.19.18&Prime; header_font=\u00a0\u00bb||||||||\u00a0\u00bb header_text_color=\u00a0\u00bb#ffffff\u00a0\u00bb header_font_size=\u00a0\u00bb48px\u00a0\u00bb header_2_font=\u00a0\u00bb||||||||\u00a0\u00bb header_2_text_align=\u00a0\u00bbcenter\u00a0\u00bb header_2_text_color=\u00a0\u00bb#ffffff\u00a0\u00bb header_2_font_size=\u00a0\u00bb33px\u00a0\u00bb]<\/p>\n<h2>EDITION 2019\u00a0<\/h2>\n<p>[\/et_pb_text][\/et_pb_column][\/et_pb_row][\/et_pb_section][et_pb_section fb_built=\u00a0\u00bb1&Prime; admin_label=\u00a0\u00bbsection\u00a0\u00bb _builder_version=\u00a0\u00bb3.19.18&Prime;][et_pb_row admin_label=\u00a0\u00bbrow\u00a0\u00bb _builder_version=\u00a0\u00bb3.19.18&Prime; background_size=\u00a0\u00bbinitial\u00a0\u00bb background_position=\u00a0\u00bbtop_left\u00a0\u00bb background_repeat=\u00a0\u00bbrepeat\u00a0\u00bb custom_padding=\u00a0\u00bb0|0px|24.1719px|0px|false|false\u00a0\u00bb][et_pb_column type=\u00a0\u00bb4_4&Prime; _builder_version=\u00a0\u00bb3.0.47&Prime;][et_pb_text admin_label=\u00a0\u00bbTexte\u00a0\u00bb _builder_version=\u00a0\u00bb3.19.18&Prime; background_size=\u00a0\u00bbinitial\u00a0\u00bb background_position=\u00a0\u00bbtop_left\u00a0\u00bb background_repeat=\u00a0\u00bbrepeat\u00a0\u00bb use_border_color=\u00a0\u00bboff\u00a0\u00bb border_color=\u00a0\u00bb#ffffff\u00a0\u00bb border_style=\u00a0\u00bbsolid\u00a0\u00bb]<\/p>\n<h2><\/h2>\n<p><img loading=\"lazy\" decoding=\"async\" class=\"aligncenter wp-image-874 size-full\" src=\"http:\/\/ja.sfdiabete.org\/wp-content\/uploads\/2015\/10\/Bandeau2018-.png\" alt=\"\" width=\"1920\" height=\"1168\" srcset=\"http:\/\/ja.sfdiabete.org\/wp-content\/uploads\/2015\/10\/Bandeau2018-.png 1920w, http:\/\/ja.sfdiabete.org\/wp-content\/uploads\/2015\/10\/Bandeau2018--300x183.png 300w, http:\/\/ja.sfdiabete.org\/wp-content\/uploads\/2015\/10\/Bandeau2018--1024x623.png 1024w, http:\/\/ja.sfdiabete.org\/wp-content\/uploads\/2015\/10\/Bandeau2018--1080x657.png 1080w\" sizes=\"auto, (max-width: 1920px) 100vw, 1920px\" \/><\/p>\n<h1>Vivre aujourd\u2019hui avec un diab\u00e8te \u2026<\/h1>\n<p><strong>Palais des Papes, Avignon, 29 Novembre 2019<\/strong><\/p>\n<hr \/>\n<h2>Edito 2019<\/h2>\n<p>Cette ann\u00e9e, la Journ\u00e9e d\u2019Automne de la SFD Param\u00e9dical\u00a0 mettra \u00e0 l\u2019honneur l\u2019impact du diab\u00e8te dans la vie quotidienne.<\/p>\n<p>L\u2019annonce de cette maladie ne rend pas toujours compte des bouleversements qui interviendront au quotidien chez la personne diab\u00e9tique. Il importe alors pour le soignant d\u2019adopter un positionnement pro-actif dans son rapport au soign\u00e9. Le soignant doit ainsi \u00eatre capable de devancer la rencontre des premi\u00e8res difficult\u00e9s par le patient dans les changements \u00e0 op\u00e9rer, tant dans sur un plan administratif, social que juridique.<\/p>\n<p>La journ\u00e9e d\u2019automne se propose de r\u00e9pondre aux interrogations que pose n\u00e9cessairement la prise en charge du diab\u00e8te au quotidien. La dimension chronique de la maladie ne peut \u00eatre \u00e9cart\u00e9e, l\u2019importance des modifications au quotidien non plus, mais prendre en consid\u00e9ration les \u00e9tapes \u00e0 franchir pour le patient constitue la cl\u00e9 d\u2019un lien de confiance renforc\u00e9 avec le soignant.<\/p>\n<p>Apprendre \u00e0 vivre avec le diab\u00e8te c\u2019est d\u2019abord comprendre les changements \u00e0 entreprendre. Accepter de vivre avec le diab\u00e8te c\u2019est ensuite anticiper avec un recul suffisant les limitations dans la vie quotidienne inh\u00e9rentes \u00e0 la maladie.<br \/> Le lien patient-soignant gagne ainsi \u00e0 la compr\u00e9hension de ces difficult\u00e9s.<\/p>\n<p>D\u2019une part, l\u2019appr\u00e9hension des changements \u00e0 accomplir dans la vie quotidienne du patient diab\u00e9tique \u00e9vite \u2013 notamment \u2013 les risques assurantiels d\u2019une couverture suspendue \u00e0 cause d\u2019une absence de d\u00e9claration. D\u2019autre part, le soignant s\u2019adapte avec une plus grande empathie aux chamboulements in\u00e9vitables dans le parcours de vie du patient diab\u00e9tique.<\/p>\n<p>Nous vous invitons \u00e0 partager cet \u00e9v\u00e9nement b\u00e9n\u00e9fique \u00e0 la prise en charge du diab\u00e8te, non plus uniquement dans sa dimension m\u00e9dicale, mais plus encore sur un versant social. Une telle approche milite pour la prise en charge globale d\u2019une maladie chronique dont on ne peut minimiser les cons\u00e9quences quotidiennes pour le patient.<\/p>\n<p>Afin d&rsquo;\u00e9changer ensemble et dans un but d&rsquo;am\u00e9liorer nos pratiques dans la prise en charge des patients diab\u00e9tiques, venez nombreux \u00e0 cette nouvelle journ\u00e9e d&rsquo;automne<\/p>\n<p>Annie Vannier<br \/> Pr\u00e9sidente SFD Param\u00e9dical<\/p>\n<p>Ivano Mantovani<br \/> Pr\u00e9sident Sortant SFD Param\u00e9dical<\/p>\n<hr \/>\n<h2>Comit\u00e9s 2019<\/h2>\n<p><span class=\"redtitre\">Comit\u00e9 d\u2019Organisation : <\/span><br \/> Pr\u00e9sidente : Annie Vannier<br \/> Vice-Pr\u00e9sidente : Agn\u00e8s Desserprix<br \/> Karine Barre<br \/> Dominique Daubert<br \/> Didier Daubit<\/p>\n<p><span class=\"redtitre\">Conseil scientifique <\/span><br \/> Pr\u00e9sidente : Justine Gr\u00e9goire<br \/> Vice pr\u00e9sidente : Chantal Godefroid<br \/> Fran\u00e7oise Arbones<br \/> Claire Calvez<br \/> Fanny Chanat<br \/> Liliane Simon<br \/> Catherine Tissot<\/p>\n<hr \/>\n<h2><span style=\"font-size: 26px;\">Programme du 29 novembre 2019<\/span><\/h2>\n<hr \/>\n<h4>MATIN\u00c9E &#8211; 08H45 &#8211; 12H30<\/h4>\n<hr \/>\n<p><strong>08h45- Ouverture &#8211;\u00a0<\/strong><em>Annie VANNIER, Pr\u00e9sidente SFD Param\u00e9dical, Prof. Charles THIVOLET, Vice-Pr\u00e9sident SFD<\/em><strong><br \/> <\/strong><br \/> <strong><em>\u2026 De l\u2019enfance\u00a0:\u00a0<\/em><\/strong><em>Mod\u00e9rateurs : Sandra DA SILVA, <span>Agn\u00e8s <\/span><span>DESSERPRIX<\/span><\/em><\/p>\n<p><strong>9h00 \u2013 <\/strong>Mon enfant a un diab\u00e8te, quels sont ses droits\u00a0? &#8211;\u00a0<em>C\u00e9line ROGEZ, Assistante sociale, H\u00f4pital Robert DEBR\u00c9, Paris<\/em><\/p>\n<p><strong>9h30 \u2013\u00a0<\/strong>L\u2019accompagnement par une \u00e9quipe lors des PAI &#8211;\u00a0<em>Corinne COLMEL, Association Enfance-Adolescence-Diab\u00e8te, Toulouse<\/em><\/p>\n<p><strong>10h00 \u2013<\/strong> Prix \u00ab Initiativ&rsquo;diab\u00e8te \u00bb \u2013 <strong>Coup de c\u0153ur SFD Param\u00e9dical<\/strong> : \u00ab\u00a0Le d\u00e9veloppement de l\u2019\u00e9ducation th\u00e9rapeutique du patient vers des ateliers tabacologiques et pratique d\u2019activit\u00e9s physiques adapt\u00e9es encadr\u00e9es\u00a0\u00bb <em>C\u00e9cilia JOUVE, R\u00e9mi MOUREN, P\u00f4le de Sant\u00e9 Pluridisciplinaire Seliance, GAP. \u00a0<\/em><br \/> Lifescan : L\u2019horloge des insulines \u2013 <i>St\u00e9phanie SEVETTE, C\u00e9cile SALMON,\u00a0<\/i><i style=\"font-size: 14px;\">Centre Hospitalier Inter-communal Robert Ballanger, Aulnay-sous-Bois<br \/> <\/i><br \/> <strong>10h15 &#8211; Pause<\/strong><br \/> <strong><em>\u2026 A l \u2018\u00e2ge adulte :\u00a0<\/em><\/strong><em>Mod\u00e9rateurs : <span>Fran\u00e7oise ARBONES<\/span>\u00a0\u00a0<\/em><\/p>\n<p><strong>10h45 \u2013\u00a0<\/strong>Petits papiers ou gros tracas administratifs de la personne avec un diab\u00e8te &#8211;\u00a0<em>Sophie TRILLEAUD, Responsable Juridique de la F\u00e9d\u00e9ration Fran\u00e7aise des Diab\u00e9tiques (FFD)<\/em><\/p>\n<p><strong>11h15 \u2013<\/strong> Quand le diab\u00e8te vient bousculer la dynamique familiale<br \/> <strong>Point de vue du Psychologue:<\/strong><em> Audrey DAHOUI, psychologue, CHU Besan\u00e7on. <\/em><strong>Retour d\u2019exp\u00e9rience<\/strong><em> : Jean-Willy HANUISE<em>\u00a0<\/em><\/em><\/p>\n<p><strong>12h00 \u2013 <\/strong><span style=\"font-size: 14px;\">Vie de l\u2019association SFD Param\u00e9dical &#8211;\u00a0<em>Annie VANNIER<\/em><\/span><\/p>\n<p><strong>12h15<\/strong>\u00a0: D\u00e9jeuner sur place<\/p>\n<hr \/>\n<h4>APR\u00c8S-MIDI : 13H45 &#8211; 16H30<\/h4>\n<hr \/>\n<p><em>Mod\u00e9rateurs : H\u00e9l\u00e8ne DAL GOBBO, Ivano MANTOVANI<\/em><\/p>\n<p><strong>13h45 \u2013\u00a0<\/strong>La place des r\u00e9seaux sociaux &#8211;\u00a0<em>Anne FAIVRE, Elise FAIVRE, Diab\u2019Aide, Marseille \u00a0<\/em><\/p>\n<p><strong>14h15 \u2013<\/strong> Faire du sport en 2019\u00a0: actualit\u00e9s\u00a0\u2013 <em>Daniel MARLEIX, USD, Paris<\/em><\/p>\n<p><strong>14h45 \u2013<\/strong> Passion voyage\u00a0: que mettre dans la valise\u00a0? &#8211;\u00a0<em>Michel ROSSEELS, Belgique<\/em><\/p>\n<p><strong>15h15 \u2013 <\/strong>Maisons de sant\u00e9\u00a0: un plus pour le patient\u00a0\u2013 <em>Dr Sebastien ADNOT, Emilie MOREAU, di\u00e9t\u00e9ticienne, Julie NEVEU, coordinatrice, P\u00f4le de sant\u00e9 Centre-Ouest Vaucluse\u00a0<\/em><\/p>\n<p><strong>16h00 \u2013<\/strong> Des astuces pour aider les patients \u00e0 g\u00e9rer leurs \u00e9motions\u00a0\u2013\u00a0<em>Jacqueline FILLIAS, Sophrologue, \u00a0Maison du Diab\u00e8te de Paris <strong>\u00a0<\/strong><\/em><\/p>\n<hr \/>\n<h5>16h30 : Cl\u00f4ture Journ\u00e9e d\u2019Automne 2019<\/h5>\n<p>[\/et_pb_text][\/et_pb_column][\/et_pb_row][\/et_pb_section][et_pb_section fb_built=\u00a0\u00bb1&Prime; custom_padding_last_edited=\u00a0\u00bbon|desktop\u00a0\u00bb admin_label=\u00a0\u00bbsection\u00a0\u00bb _builder_version=\u00a0\u00bb3.19.18&Prime; use_background_color_gradient=\u00a0\u00bbon\u00a0\u00bb background_color_gradient_start=\u00a0\u00bb#e02b20&Prime; background_color_gradient_end=\u00a0\u00bb#f79533&Prime; background_color_gradient_direction=\u00a0\u00bb233deg\u00a0\u00bb background_color_gradient_start_position=\u00a0\u00bb20%\u00a0\u00bb custom_padding=\u00a0\u00bb9px|0px|0|0px|false|false\u00a0\u00bb custom_padding_tablet=\u00a0\u00bb50px|0|50px|0&Prime; transparent_background=\u00a0\u00bboff\u00a0\u00bb][et_pb_row padding_mobile=\u00a0\u00bboff\u00a0\u00bb column_padding_mobile=\u00a0\u00bbon\u00a0\u00bb parallax_method_1=\u00a0\u00bboff\u00a0\u00bb admin_label=\u00a0\u00bbLigne\u00a0\u00bb _builder_version=\u00a0\u00bb3.0.48&Prime; background_size=\u00a0\u00bbinitial\u00a0\u00bb background_position=\u00a0\u00bbtop_left\u00a0\u00bb background_repeat=\u00a0\u00bbrepeat\u00a0\u00bb][et_pb_column type=\u00a0\u00bb4_4&Prime; _builder_version=\u00a0\u00bb3.0.47&Prime;][et_pb_text _builder_version=\u00a0\u00bb3.19.18&Prime; header_font=\u00a0\u00bb||||||||\u00a0\u00bb header_text_color=\u00a0\u00bb#ffffff\u00a0\u00bb header_font_size=\u00a0\u00bb48px\u00a0\u00bb header_2_font=\u00a0\u00bb||||||||\u00a0\u00bb header_2_text_align=\u00a0\u00bbcenter\u00a0\u00bb header_2_text_color=\u00a0\u00bb#ffffff\u00a0\u00bb header_2_font_size=\u00a0\u00bb33px\u00a0\u00bb]<\/p>\n<h2>PARTENAIRES 2019<\/h2>\n<p>[\/et_pb_text][\/et_pb_column][\/et_pb_row][\/et_pb_section][et_pb_section fb_built=\u00a0\u00bb1&Prime; custom_padding_last_edited=\u00a0\u00bbon|desktop\u00a0\u00bb admin_label=\u00a0\u00bbSection\u00a0\u00bb _builder_version=\u00a0\u00bb3.0.74&Prime; custom_padding_tablet=\u00a0\u00bb50px|0|50px|0&Prime; transparent_background=\u00a0\u00bboff\u00a0\u00bb padding_mobile=\u00a0\u00bboff\u00a0\u00bb][et_pb_row padding_mobile=\u00a0\u00bboff\u00a0\u00bb column_padding_mobile=\u00a0\u00bbon\u00a0\u00bb parallax_method_1=\u00a0\u00bboff\u00a0\u00bb admin_label=\u00a0\u00bbLigne\u00a0\u00bb _builder_version=\u00a0\u00bb3.19.18&Prime; background_size=\u00a0\u00bbinitial\u00a0\u00bb background_position=\u00a0\u00bbtop_left\u00a0\u00bb background_repeat=\u00a0\u00bbrepeat\u00a0\u00bb][et_pb_column type=\u00a0\u00bb4_4&Prime; _builder_version=\u00a0\u00bb3.0.47&Prime;][et_pb_gallery gallery_ids=\u00a0\u00bb730,1507,1491,1510,1496,750,1492,1385,1010,723,725,1495,729,763,744&Prime; posts_number=\u00a0\u00bb30&Prime; show_title_and_caption=\u00a0\u00bboff\u00a0\u00bb show_pagination=\u00a0\u00bboff\u00a0\u00bb admin_label=\u00a0\u00bbGalerie\u00a0\u00bb _builder_version=\u00a0\u00bb3.19.18&Prime; use_border_color=\u00a0\u00bboff\u00a0\u00bb border_color=\u00a0\u00bb#ffffff\u00a0\u00bb border_style=\u00a0\u00bbsolid\u00a0\u00bb]<\/p>\n<p>\u00a0<\/p>\n<p>[\/et_pb_gallery][et_pb_text _builder_version=\u00a0\u00bb3.19.18&Prime;][\/et_pb_text][\/et_pb_column][\/et_pb_row][\/et_pb_section]<\/p>\n","protected":false},"excerpt":{"rendered":"<p>[et_pb_section fb_built=\u00a0\u00bb1&Prime; custom_padding_last_edited=\u00a0\u00bbon|desktop\u00a0\u00bb admin_label=\u00a0\u00bbsection\u00a0\u00bb _builder_version=\u00a0\u00bb3.19.18&Prime; use_background_color_gradient=\u00a0\u00bbon\u00a0\u00bb background_color_gradient_start=\u00a0\u00bb#e02b20&Prime; background_color_gradient_end=\u00a0\u00bb#f79533&Prime; background_color_gradient_direction=\u00a0\u00bb233deg\u00a0\u00bb background_color_gradient_start_position=\u00a0\u00bb20%\u00a0\u00bb custom_padding=\u00a0\u00bb9px|0px|0|0px|false|false\u00a0\u00bb custom_padding_tablet=\u00a0\u00bb50px|0|50px|0&Prime; transparent_background=\u00a0\u00bboff\u00a0\u00bb][et_pb_row column_padding_mobile=\u00a0\u00bbon\u00a0\u00bb parallax_method_1=\u00a0\u00bboff\u00a0\u00bb admin_label=\u00a0\u00bbLigne\u00a0\u00bb _builder_version=\u00a0\u00bb3.0.48&Prime; background_size=\u00a0\u00bbinitial\u00a0\u00bb background_position=\u00a0\u00bbtop_left\u00a0\u00bb background_repeat=\u00a0\u00bbrepeat\u00a0\u00bb custom_padding=\u00a0\u00bb24.1719px|0px|12px|0px|false|false\u00a0\u00bb][et_pb_column type=\u00a0\u00bb4_4&Prime; _builder_version=\u00a0\u00bb3.0.47&Prime;][et_pb_text _builder_version=\u00a0\u00bb3.19.18&Prime; header_font=\u00a0\u00bb||||||||\u00a0\u00bb header_text_color=\u00a0\u00bb#ffffff\u00a0\u00bb header_font_size=\u00a0\u00bb48px\u00a0\u00bb header_2_font=\u00a0\u00bb||||||||\u00a0\u00bb header_2_text_align=\u00a0\u00bbcenter\u00a0\u00bb header_2_text_color=\u00a0\u00bb#ffffff\u00a0\u00bb header_2_font_size=\u00a0\u00bb33px\u00a0\u00bb] EDITION 2019\u00a0 [\/et_pb_text][\/et_pb_column][\/et_pb_row][\/et_pb_section][et_pb_section fb_built=\u00a0\u00bb1&Prime; admin_label=\u00a0\u00bbsection\u00a0\u00bb _builder_version=\u00a0\u00bb3.19.18&Prime;][et_pb_row admin_label=\u00a0\u00bbrow\u00a0\u00bb _builder_version=\u00a0\u00bb3.19.18&Prime; background_size=\u00a0\u00bbinitial\u00a0\u00bb background_position=\u00a0\u00bbtop_left\u00a0\u00bb background_repeat=\u00a0\u00bbrepeat\u00a0\u00bb custom_padding=\u00a0\u00bb0|0px|24.1719px|0px|false|false\u00a0\u00bb][et_pb_column type=\u00a0\u00bb4_4&Prime; _builder_version=\u00a0\u00bb3.0.47&Prime;][et_pb_text admin_label=\u00a0\u00bbTexte\u00a0\u00bb _builder_version=\u00a0\u00bb3.19.18&Prime; background_size=\u00a0\u00bbinitial\u00a0\u00bb background_position=\u00a0\u00bbtop_left\u00a0\u00bb background_repeat=\u00a0\u00bbrepeat\u00a0\u00bb use_border_color=\u00a0\u00bboff\u00a0\u00bb border_color=\u00a0\u00bb#ffffff\u00a0\u00bb border_style=\u00a0\u00bbsolid\u00a0\u00bb] Vivre aujourd\u2019hui [&hellip;]<\/p>\n","protected":false},"author":2,"featured_media":0,"parent":0,"menu_order":0,"comment_status":"closed","ping_status":"closed","template":"","meta":{"_et_pb_use_builder":"on","_et_pb_old_content":"","_et_gb_content_width":"","footnotes":""},"class_list":["post-1552","page","type-page","status-publish","hentry"],"_links":{"self":[{"href":"http:\/\/ja.sfdiabete.org\/index.php\/wp-json\/wp\/v2\/pages\/1552","targetHints":{"allow":["GET"]}}],"collection":[{"href":"http:\/\/ja.sfdiabete.org\/index.php\/wp-json\/wp\/v2\/pages"}],"about":[{"href":"http:\/\/ja.sfdiabete.org\/index.php\/wp-json\/wp\/v2\/types\/page"}],"author":[{"embeddable":true,"href":"http:\/\/ja.sfdiabete.org\/index.php\/wp-json\/wp\/v2\/users\/2"}],"replies":[{"embeddable":true,"href":"http:\/\/ja.sfdiabete.org\/index.php\/wp-json\/wp\/v2\/comments?post=1552"}],"version-history":[{"count":6,"href":"http:\/\/ja.sfdiabete.org\/index.php\/wp-json\/wp\/v2\/pages\/1552\/revisions"}],"predecessor-version":[{"id":1655,"href":"http:\/\/ja.sfdiabete.org\/index.php\/wp-json\/wp\/v2\/pages\/1552\/revisions\/1655"}],"wp:attachment":[{"href":"http:\/\/ja.sfdiabete.org\/index.php\/wp-json\/wp\/v2\/media?parent=1552"}],"curies":[{"name":"wp","href":"https:\/\/api.w.org\/{rel}","templated":true}]}}