{"id":1457,"date":"2019-10-01T14:34:22","date_gmt":"2019-10-01T14:34:22","guid":{"rendered":"http:\/\/ja.sfdiabete.org\/?page_id=1457"},"modified":"2020-02-11T09:36:52","modified_gmt":"2020-02-11T09:36:52","slug":"sauvegarde-home","status":"publish","type":"page","link":"http:\/\/ja.sfdiabete.org\/index.php\/sauvegarde-home\/","title":{"rendered":"&#8211;sauvegarde Home"},"content":{"rendered":"<p>[et_pb_section fb_built=\u00a0\u00bb1&Prime; custom_padding_last_edited=\u00a0\u00bbon|desktop\u00a0\u00bb admin_label=\u00a0\u00bbsection\u00a0\u00bb _builder_version=\u00a0\u00bb3.19.18&Prime; background_image=\u00a0\u00bbhttp:\/\/ja.sfdiabete.org\/wp-content\/uploads\/2020\/02\/Header.jpg\u00a0\u00bb custom_padding_tablet=\u00a0\u00bb50px|0|50px|0&Prime; transparent_background=\u00a0\u00bboff\u00a0\u00bb custom_padding=\u00a0\u00bb229px|0px|54px|0px|false|false\u00a0\u00bb][et_pb_row padding_mobile=\u00a0\u00bboff\u00a0\u00bb column_padding_mobile=\u00a0\u00bbon\u00a0\u00bb parallax_method_1=\u00a0\u00bboff\u00a0\u00bb admin_label=\u00a0\u00bbLigne\u00a0\u00bb _builder_version=\u00a0\u00bb3.0.48&Prime; background_size=\u00a0\u00bbinitial\u00a0\u00bb background_position=\u00a0\u00bbtop_left\u00a0\u00bb background_repeat=\u00a0\u00bbrepeat\u00a0\u00bb][et_pb_column type=\u00a0\u00bb4_4&Prime; _builder_version=\u00a0\u00bb3.0.47&Prime;][et_pb_text admin_label=\u00a0\u00bbBANDEAU\u00a0\u00bb _builder_version=\u00a0\u00bb3.19.18&Prime; text_font=\u00a0\u00bb|700|||||||\u00a0\u00bb text_font_size=\u00a0\u00bb27&Prime; header_font=\u00a0\u00bb|on|||\u00a0\u00bb header_font_size=\u00a0\u00bb42px\u00a0\u00bb background_size=\u00a0\u00bbinitial\u00a0\u00bb background_position=\u00a0\u00bbtop_left\u00a0\u00bb background_repeat=\u00a0\u00bbrepeat\u00a0\u00bb text_orientation=\u00a0\u00bbcenter\u00a0\u00bb background_layout=\u00a0\u00bbdark\u00a0\u00bb module_alignment=\u00a0\u00bbcenter\u00a0\u00bb use_border_color=\u00a0\u00bboff\u00a0\u00bb border_color=\u00a0\u00bb#ffffff\u00a0\u00bb border_style=\u00a0\u00bbsolid\u00a0\u00bb]<\/p>\n<h1>JOURN\u00c9E D&rsquo;AUTOMNE 2019<\/h1>\n<p><strong>\u00ab\u00a0Vivre aujourd&rsquo;hui avec un diab\u00e8te\u00a0\u00bb <\/strong><\/p>\n<p>Palais des Papes, Avignon[\/et_pb_text][et_pb_divider color=\u00a0\u00bbrgba(255,255,255,0)\u00a0\u00bb divider_position=\u00a0\u00bbcenter\u00a0\u00bb divider_weight=\u00a0\u00bb8px\u00a0\u00bb disabled_on=\u00a0\u00bbon|on|off\u00a0\u00bb admin_label=\u00a0\u00bbS\u00e9parateur\u00a0\u00bb _builder_version=\u00a0\u00bb3.2&Prime; hide_on_mobile=\u00a0\u00bbon\u00a0\u00bb]<\/p>\n<p>\u00a0<\/p>\n<p>[\/et_pb_divider][et_pb_countdown_timer title=\u00a0\u00bb29 novembre 2019&Prime; date_time=\u00a0\u00bb2019-11-29 08:00&Prime; admin_label=\u00a0\u00bbCompteur \u00e0 rebours\u00a0\u00bb _builder_version=\u00a0\u00bb3.19.18&Prime; header_font=\u00a0\u00bb|on|||\u00a0\u00bb header_font_size=\u00a0\u00bb31&Prime; numbers_font=\u00a0\u00bb|on|||\u00a0\u00bb background_color=\u00a0\u00bbrgba(234,90,18,0.41)\u00a0\u00bb background_size=\u00a0\u00bbinitial\u00a0\u00bb background_position=\u00a0\u00bbtop_left\u00a0\u00bb background_repeat=\u00a0\u00bbrepeat\u00a0\u00bb custom_margin=\u00a0\u00bb0px|0px|0px|0px\u00a0\u00bb custom_padding=\u00a0\u00bb0px|0px|0px|0px\u00a0\u00bb]<\/p>\n<p>\u00a0<\/p>\n<p>[\/et_pb_countdown_timer][et_pb_divider color=\u00a0\u00bbrgba(255,255,255,0)\u00a0\u00bb divider_position=\u00a0\u00bbcenter\u00a0\u00bb divider_weight=\u00a0\u00bb8px\u00a0\u00bb disabled_on=\u00a0\u00bbon|on|off\u00a0\u00bb admin_label=\u00a0\u00bbS\u00e9parateur\u00a0\u00bb _builder_version=\u00a0\u00bb3.2&Prime; hide_on_mobile=\u00a0\u00bbon\u00a0\u00bb]<\/p>\n<p>\u00a0<\/p>\n<p>[\/et_pb_divider][\/et_pb_column][\/et_pb_row][\/et_pb_section][et_pb_section fb_built=\u00a0\u00bb1&Prime; fullwidth=\u00a0\u00bbon\u00a0\u00bb custom_padding_last_edited=\u00a0\u00bbon|desktop\u00a0\u00bb admin_label=\u00a0\u00bbSection\u00a0\u00bb _builder_version=\u00a0\u00bb3.0.74&Prime; background_color=\u00a0\u00bb#ea5a12&Prime; custom_padding_tablet=\u00a0\u00bb50px|0|50px|0&Prime; transparent_background=\u00a0\u00bboff\u00a0\u00bb custom_padding=\u00a0\u00bb0|0px|0px|0px|false|false\u00a0\u00bb][et_pb_fullwidth_code admin_label=\u00a0\u00bbDATE\u00a0\u00bb _builder_version=\u00a0\u00bb3.19.18&Prime;]<H3>17 NOVEMBRE 2017<\/H3>[\/et_pb_fullwidth_code][\/et_pb_section][et_pb_section fb_built=\u00a0\u00bb1&Prime; admin_label=\u00a0\u00bbsection\u00a0\u00bb _builder_version=\u00a0\u00bb3.0.47&Prime;][et_pb_row admin_label=\u00a0\u00bbLigne\u00a0\u00bb _builder_version=\u00a0\u00bb3.0.48&Prime; background_size=\u00a0\u00bbinitial\u00a0\u00bb background_position=\u00a0\u00bbtop_left\u00a0\u00bb background_repeat=\u00a0\u00bbrepeat\u00a0\u00bb][et_pb_column type=\u00a0\u00bb4_4&Prime; _builder_version=\u00a0\u00bb3.0.47&Prime;][et_pb_divider disabled_on=\u00a0\u00bbon|on|off\u00a0\u00bb admin_label=\u00a0\u00bbS\u00e9parateur\u00a0\u00bb _builder_version=\u00a0\u00bb3.19.18&Prime; hide_on_mobile=\u00a0\u00bbon\u00a0\u00bb]<\/p>\n<p>\u00a0<\/p>\n<p>[\/et_pb_divider][et_pb_text admin_label=\u00a0\u00bbEDITO\u00a0\u00bb _builder_version=\u00a0\u00bb3.19.18&Prime; background_size=\u00a0\u00bbinitial\u00a0\u00bb background_position=\u00a0\u00bbtop_left\u00a0\u00bb background_repeat=\u00a0\u00bbrepeat\u00a0\u00bb use_border_color=\u00a0\u00bboff\u00a0\u00bb border_color=\u00a0\u00bb#ffffff\u00a0\u00bb border_style=\u00a0\u00bbsolid\u00a0\u00bb]<\/p>\n<h3>EDITO<\/h3>\n<p>[\/et_pb_text][et_pb_text admin_label=\u00a0\u00bbTexte EDITO\u00a0\u00bb _builder_version=\u00a0\u00bb3.19.18&Prime; text_font=\u00a0\u00bb||||||||\u00a0\u00bb background_size=\u00a0\u00bbinitial\u00a0\u00bb background_position=\u00a0\u00bbtop_left\u00a0\u00bb background_repeat=\u00a0\u00bbrepeat\u00a0\u00bb use_border_color=\u00a0\u00bboff\u00a0\u00bb border_color=\u00a0\u00bb#ffffff\u00a0\u00bb border_style=\u00a0\u00bbsolid\u00a0\u00bb]<\/p>\n<p>Cette ann\u00e9e, la Journ\u00e9e d\u2019Automne de la SFD Param\u00e9dical\u00a0 mettra \u00e0 l\u2019honneur l\u2019impact du diab\u00e8te dans la vie quotidienne.<\/p>\n<p>L\u2019annonce de cette maladie ne rend pas toujours compte des bouleversements qui interviendront au quotidien chez la personne diab\u00e9tique. Il importe alors pour le soignant d\u2019adopter un positionnement pro-actif dans son rapport au soign\u00e9. Le soignant doit ainsi \u00eatre capable de devancer la rencontre des premi\u00e8res difficult\u00e9s par le patient dans les changements \u00e0 op\u00e9rer, tant dans sur un plan administratif, social que juridique.<\/p>\n<p>La journ\u00e9e d\u2019automne se propose de r\u00e9pondre aux interrogations que pose n\u00e9cessairement la prise en charge du diab\u00e8te au quotidien. La dimension chronique de la maladie ne peut \u00eatre \u00e9cart\u00e9e, l\u2019importance des modifications au quotidien non plus, mais prendre en consid\u00e9ration les \u00e9tapes \u00e0 franchir pour le patient constitue la cl\u00e9 d\u2019un lien de confiance renforc\u00e9 avec le soignant.<\/p>\n<p>Apprendre \u00e0 vivre avec le diab\u00e8te c\u2019est d\u2019abord comprendre les changements \u00e0 entreprendre. Accepter de vivre avec le diab\u00e8te c\u2019est ensuite anticiper avec un recul suffisant les limitations dans la vie quotidienne inh\u00e9rentes \u00e0 la maladie.<br \/> Le lien patient-soignant gagne ainsi \u00e0 la compr\u00e9hension de ces difficult\u00e9s.<\/p>\n<p>D\u2019une part, l\u2019appr\u00e9hension des changements \u00e0 accomplir dans la vie quotidienne du patient diab\u00e9tique \u00e9vite \u2013 notamment \u2013 les risques assurantiels d\u2019une couverture suspendue \u00e0 cause d\u2019une absence de d\u00e9claration. D\u2019autre part, le soignant s\u2019adapte avec une plus grande empathie aux chamboulements in\u00e9vitables dans le parcours de vie du patient diab\u00e9tique.<\/p>\n<p>Nous vous invitons \u00e0 partager cet \u00e9v\u00e9nement b\u00e9n\u00e9fique \u00e0 la prise en charge du diab\u00e8te, non plus uniquement dans sa dimension m\u00e9dicale, mais plus encore sur un versant social. Une telle approche milite pour la prise en charge globale d\u2019une maladie chronique dont on ne peut minimiser les cons\u00e9quences quotidiennes pour le patient.<\/p>\n<p>Afin d&rsquo;\u00e9changer ensemble et dans un but d&rsquo;am\u00e9liorer nos pratiques dans la prise en charge des patients diab\u00e9tiques, venez nombreux \u00e0 cette nouvelle journ\u00e9e d&rsquo;automne<\/p>\n<p>&nbsp;<\/p>\n<p>[\/et_pb_text][\/et_pb_column][\/et_pb_row][et_pb_row _builder_version=\u00a0\u00bb3.19.18&Prime;][et_pb_column type=\u00a0\u00bb1_2&Prime; _builder_version=\u00a0\u00bb3.19.18&Prime;][et_pb_text _builder_version=\u00a0\u00bb3.19.18&Prime;]<\/p>\n<p><img loading=\"lazy\" decoding=\"async\" src=\"http:\/\/ja.sfdiabete.org\/wp-content\/uploads\/2019\/04\/vannier-edito-150x150.png\" width=\"150\" height=\"150\" alt=\"\" class=\"wp-image-1361 alignleft size-thumbnail\" srcset=\"http:\/\/ja.sfdiabete.org\/wp-content\/uploads\/2019\/04\/vannier-edito-150x150.png 150w, http:\/\/ja.sfdiabete.org\/wp-content\/uploads\/2019\/04\/vannier-edito-300x300.png 300w, http:\/\/ja.sfdiabete.org\/wp-content\/uploads\/2019\/04\/vannier-edito.png 450w\" sizes=\"auto, (max-width: 150px) 100vw, 150px\" \/><span>Annie Vannier<\/span><br \/><span>Pr\u00e9sidente SFD Param\u00e9dical<\/span><\/p>\n<p>[\/et_pb_text][\/et_pb_column][et_pb_column type=\u00a0\u00bb1_2&Prime; _builder_version=\u00a0\u00bb3.19.18&Prime;][et_pb_text _builder_version=\u00a0\u00bb3.19.18&Prime;]<\/p>\n<p><span><img loading=\"lazy\" decoding=\"async\" src=\"http:\/\/ja.sfdiabete.org\/wp-content\/uploads\/2019\/04\/ivanoMantovani2-150x150.png\" width=\"150\" height=\"150\" alt=\"\" class=\"wp-image-1358 alignleft size-thumbnail\" srcset=\"http:\/\/ja.sfdiabete.org\/wp-content\/uploads\/2019\/04\/ivanoMantovani2-150x150.png 150w, http:\/\/ja.sfdiabete.org\/wp-content\/uploads\/2019\/04\/ivanoMantovani2-300x300.png 300w, http:\/\/ja.sfdiabete.org\/wp-content\/uploads\/2019\/04\/ivanoMantovani2.png 450w\" sizes=\"auto, (max-width: 150px) 100vw, 150px\" \/>Ivano Mantovani<\/span><br \/><span>Pr\u00e9sident Sortant SFD Param\u00e9dical<\/span><\/p>\n<p>[\/et_pb_text][\/et_pb_column][\/et_pb_row][\/et_pb_section][et_pb_section fb_built=\u00a0\u00bb1&Prime; custom_padding_last_edited=\u00a0\u00bbon|desktop\u00a0\u00bb admin_label=\u00a0\u00bbSection\u00a0\u00bb _builder_version=\u00a0\u00bb3.0.74&Prime; background_color=\u00a0\u00bb#ea5a12&Prime; custom_padding_tablet=\u00a0\u00bb50px|0|50px|0&Prime; transparent_background=\u00a0\u00bboff\u00a0\u00bb padding_mobile=\u00a0\u00bboff\u00a0\u00bb][et_pb_row admin_label=\u00a0\u00bbLigne\u00a0\u00bb _builder_version=\u00a0\u00bb3.0.48&Prime; background_size=\u00a0\u00bbinitial\u00a0\u00bb background_position=\u00a0\u00bbtop_left\u00a0\u00bb background_repeat=\u00a0\u00bbrepeat\u00a0\u00bb][et_pb_column type=\u00a0\u00bb1_2&Prime; _builder_version=\u00a0\u00bb3.0.47&Prime;][et_pb_text admin_label=\u00a0\u00bbCOMIT\u00c9 D&rsquo;ORGANISATION\u00a0\u00bb _builder_version=\u00a0\u00bb3.19.18&Prime; background_size=\u00a0\u00bbinitial\u00a0\u00bb background_position=\u00a0\u00bbtop_left\u00a0\u00bb background_repeat=\u00a0\u00bbrepeat\u00a0\u00bb text_orientation=\u00a0\u00bbcenter\u00a0\u00bb background_layout=\u00a0\u00bbdark\u00a0\u00bb module_alignment=\u00a0\u00bbcenter\u00a0\u00bb use_border_color=\u00a0\u00bboff\u00a0\u00bb border_color=\u00a0\u00bb#ffffff\u00a0\u00bb border_style=\u00a0\u00bbsolid\u00a0\u00bb]<\/p>\n<h3>COMIT\u00c9 D&rsquo;ORGANISATION :<\/h3>\n<p><strong>Pr\u00e9sidente : Annie Vannier <\/strong><br \/> Vice-Pr\u00e9sidente : Agn\u00e8s Desserprix\u00a0<br \/> Karine Barre<br \/> Dominique Daubert<br \/> Didier Daubit\u00a0<\/p>\n<p>[\/et_pb_text][\/et_pb_column][et_pb_column type=\u00a0\u00bb1_2&Prime; _builder_version=\u00a0\u00bb3.0.47&Prime;][et_pb_text admin_label=\u00a0\u00bbCONSEIL SCIENTIFIQUE\u00a0\u00bb _builder_version=\u00a0\u00bb3.19.18&Prime; background_size=\u00a0\u00bbinitial\u00a0\u00bb background_position=\u00a0\u00bbtop_left\u00a0\u00bb background_repeat=\u00a0\u00bbrepeat\u00a0\u00bb text_orientation=\u00a0\u00bbcenter\u00a0\u00bb background_layout=\u00a0\u00bbdark\u00a0\u00bb module_alignment=\u00a0\u00bbcenter\u00a0\u00bb use_border_color=\u00a0\u00bboff\u00a0\u00bb border_color=\u00a0\u00bb#ffffff\u00a0\u00bb border_style=\u00a0\u00bbsolid\u00a0\u00bb]<\/p>\n<h3>CONSEIL SCIENTIFIQUE<\/h3>\n<p><strong>Pr\u00e9sidente : Justine Gr\u00e9goire<\/strong><br \/>\nVice pr\u00e9sidente : Chantal Godefroid<br \/>\nFran\u00e7oise Arbones<br \/>\nClaire Calvez<br \/>\nFanny Chanat<br \/>\nLiliane Simon<br \/>\nCatherine Tissot[\/et_pb_text][\/et_pb_column][\/et_pb_row][\/et_pb_section][et_pb_section fb_built=\u00a0\u00bb1&Prime; admin_label=\u00a0\u00bbsection\u00a0\u00bb _builder_version=\u00a0\u00bb3.0.47&Prime;][et_pb_row admin_label=\u00a0\u00bbLigne\u00a0\u00bb _builder_version=\u00a0\u00bb3.0.48&Prime; background_size=\u00a0\u00bbinitial\u00a0\u00bb background_position=\u00a0\u00bbtop_left\u00a0\u00bb background_repeat=\u00a0\u00bbrepeat\u00a0\u00bb][et_pb_column type=\u00a0\u00bb1_3&Prime; _builder_version=\u00a0\u00bb3.0.47&Prime;][et_pb_blurb title=\u00a0\u00bbPROGRAMME\u00a0\u00bb url=\u00a0\u00bbhttp:\/\/ja.sfdiabete.org\/index.php\/programme\/\u00a0\u00bb use_icon=\u00a0\u00bbon\u00a0\u00bb font_icon=\u00a0\u00bb%%208%%\u00a0\u00bb icon_color=\u00a0\u00bb#ffffff\u00a0\u00bb use_circle=\u00a0\u00bbon\u00a0\u00bb admin_label=\u00a0\u00bbR\u00e9sum\u00e9\u00a0\u00bb _builder_version=\u00a0\u00bb3.19.18&Prime; background_size=\u00a0\u00bbinitial\u00a0\u00bb background_position=\u00a0\u00bbtop_left\u00a0\u00bb background_repeat=\u00a0\u00bbrepeat\u00a0\u00bb text_orientation=\u00a0\u00bbcenter\u00a0\u00bb use_border_color=\u00a0\u00bboff\u00a0\u00bb border_color=\u00a0\u00bb#ffffff\u00a0\u00bb border_style=\u00a0\u00bbsolid\u00a0\u00bb]<\/p>\n<p>\u00a0<\/p>\n<p>[\/et_pb_blurb][\/et_pb_column][et_pb_column type=\u00a0\u00bb1_3&Prime; _builder_version=\u00a0\u00bb3.0.47&Prime;][et_pb_blurb title=\u00a0\u00bbINSCRIPTIONS\u00a0\u00bb url=\u00a0\u00bbhttp:\/\/ja.sfdiabete.org\/index.php\/inscriptions\/\u00a0\u00bb use_icon=\u00a0\u00bbon\u00a0\u00bb font_icon=\u00a0\u00bb%%75%%\u00a0\u00bb icon_color=\u00a0\u00bb#ffffff\u00a0\u00bb use_circle=\u00a0\u00bbon\u00a0\u00bb admin_label=\u00a0\u00bbR\u00e9sum\u00e9\u00a0\u00bb _builder_version=\u00a0\u00bb3.19.18&Prime; background_size=\u00a0\u00bbinitial\u00a0\u00bb background_position=\u00a0\u00bbtop_left\u00a0\u00bb background_repeat=\u00a0\u00bbrepeat\u00a0\u00bb text_orientation=\u00a0\u00bbcenter\u00a0\u00bb use_border_color=\u00a0\u00bboff\u00a0\u00bb border_color=\u00a0\u00bb#ffffff\u00a0\u00bb border_style=\u00a0\u00bbsolid\u00a0\u00bb]<\/p>\n<p>\u00a0<\/p>\n<p>[\/et_pb_blurb][\/et_pb_column][et_pb_column type=\u00a0\u00bb1_3&Prime; _builder_version=\u00a0\u00bb3.0.47&Prime;][et_pb_blurb title=\u00a0\u00bbINFO PRATIQUES\u00a0\u00bb url=\u00a0\u00bbhttp:\/\/ja.sfdiabete.org\/index.php\/informations-generales\/\u00a0\u00bb use_icon=\u00a0\u00bbon\u00a0\u00bb font_icon=\u00a0\u00bb%%79%%\u00a0\u00bb icon_color=\u00a0\u00bb#ffffff\u00a0\u00bb use_circle=\u00a0\u00bbon\u00a0\u00bb admin_label=\u00a0\u00bbR\u00e9sum\u00e9\u00a0\u00bb _builder_version=\u00a0\u00bb3.0.87&Prime; background_size=\u00a0\u00bbinitial\u00a0\u00bb background_position=\u00a0\u00bbtop_left\u00a0\u00bb background_repeat=\u00a0\u00bbrepeat\u00a0\u00bb text_orientation=\u00a0\u00bbcenter\u00a0\u00bb use_border_color=\u00a0\u00bboff\u00a0\u00bb border_color=\u00a0\u00bb#ffffff\u00a0\u00bb border_style=\u00a0\u00bbsolid\u00a0\u00bb]<\/p>\n<p>\u00a0<\/p>\n<p>[\/et_pb_blurb][\/et_pb_column][\/et_pb_row][\/et_pb_section][et_pb_section fb_built=\u00a0\u00bb1&Prime; custom_padding_last_edited=\u00a0\u00bbon|desktop\u00a0\u00bb admin_label=\u00a0\u00bbSection\u00a0\u00bb _builder_version=\u00a0\u00bb3.0.74&Prime; background_color=\u00a0\u00bb#ea5a12&Prime; custom_padding_tablet=\u00a0\u00bb50px|0|50px|0&Prime; transparent_background=\u00a0\u00bboff\u00a0\u00bb padding_mobile=\u00a0\u00bboff\u00a0\u00bb][et_pb_row admin_label=\u00a0\u00bbLigne\u00a0\u00bb _builder_version=\u00a0\u00bb3.0.48&Prime; background_size=\u00a0\u00bbinitial\u00a0\u00bb background_position=\u00a0\u00bbtop_left\u00a0\u00bb background_repeat=\u00a0\u00bbrepeat\u00a0\u00bb][et_pb_column type=\u00a0\u00bb4_4&Prime; _builder_version=\u00a0\u00bb3.0.47&Prime;][et_pb_text admin_label=\u00a0\u00bbTITRE NOS PARTENAIRES\u00a0\u00bb _builder_version=\u00a0\u00bb3.19.18&Prime; background_size=\u00a0\u00bbinitial\u00a0\u00bb background_position=\u00a0\u00bbtop_left\u00a0\u00bb background_repeat=\u00a0\u00bbrepeat\u00a0\u00bb text_orientation=\u00a0\u00bbcenter\u00a0\u00bb background_layout=\u00a0\u00bbdark\u00a0\u00bb module_alignment=\u00a0\u00bbcenter\u00a0\u00bb use_border_color=\u00a0\u00bboff\u00a0\u00bb border_color=\u00a0\u00bb#ffffff\u00a0\u00bb border_style=\u00a0\u00bbsolid\u00a0\u00bb]<\/p>\n<h1>Nos partenaires<\/h1>\n<p>[\/et_pb_text][\/et_pb_column][\/et_pb_row][\/et_pb_section][et_pb_section fb_built=\u00a0\u00bb1&Prime; custom_padding_last_edited=\u00a0\u00bbon|desktop\u00a0\u00bb admin_label=\u00a0\u00bbSection\u00a0\u00bb _builder_version=\u00a0\u00bb3.0.74&Prime; custom_padding_tablet=\u00a0\u00bb50px|0|50px|0&Prime; transparent_background=\u00a0\u00bboff\u00a0\u00bb padding_mobile=\u00a0\u00bboff\u00a0\u00bb][et_pb_row padding_mobile=\u00a0\u00bboff\u00a0\u00bb column_padding_mobile=\u00a0\u00bbon\u00a0\u00bb parallax_method_1=\u00a0\u00bboff\u00a0\u00bb admin_label=\u00a0\u00bbLigne\u00a0\u00bb _builder_version=\u00a0\u00bb3.0.48&Prime; background_size=\u00a0\u00bbinitial\u00a0\u00bb background_position=\u00a0\u00bbtop_left\u00a0\u00bb background_repeat=\u00a0\u00bbrepeat\u00a0\u00bb][et_pb_column type=\u00a0\u00bb4_4&Prime; _builder_version=\u00a0\u00bb3.0.47&Prime;][et_pb_gallery gallery_ids=\u00a0\u00bb730,1408,721,750,1385,723,725,729,763,744,970,1010,762&Prime; posts_number=\u00a0\u00bb30&Prime; show_title_and_caption=\u00a0\u00bboff\u00a0\u00bb show_pagination=\u00a0\u00bboff\u00a0\u00bb admin_label=\u00a0\u00bbGalerie\u00a0\u00bb _builder_version=\u00a0\u00bb3.19.18&Prime; use_border_color=\u00a0\u00bboff\u00a0\u00bb border_color=\u00a0\u00bb#ffffff\u00a0\u00bb border_style=\u00a0\u00bbsolid\u00a0\u00bb]<\/p>\n<p>\u00a0<\/p>\n<p>[\/et_pb_gallery][et_pb_text admin_label=\u00a0\u00bbTexte\u00a0\u00bb _builder_version=\u00a0\u00bb3.19.18&Prime; background_size=\u00a0\u00bbinitial\u00a0\u00bb background_position=\u00a0\u00bbtop_left\u00a0\u00bb background_repeat=\u00a0\u00bbrepeat\u00a0\u00bb use_border_color=\u00a0\u00bboff\u00a0\u00bb border_color=\u00a0\u00bb#ffffff\u00a0\u00bb border_style=\u00a0\u00bbsolid\u00a0\u00bb]<\/p>\n<p>&nbsp;<\/p>\n<p>&nbsp;<\/p>\n<p>[\/et_pb_text][\/et_pb_column][\/et_pb_row][\/et_pb_section]<\/p>\n","protected":false},"excerpt":{"rendered":"<p>[et_pb_section fb_built=\u00a0\u00bb1&Prime; custom_padding_last_edited=\u00a0\u00bbon|desktop\u00a0\u00bb admin_label=\u00a0\u00bbsection\u00a0\u00bb _builder_version=\u00a0\u00bb3.19.18&Prime; background_image=\u00a0\u00bbhttp:\/\/ja.sfdiabete.org\/wp-content\/uploads\/2020\/02\/Header.jpg\u00a0\u00bb custom_padding_tablet=\u00a0\u00bb50px|0|50px|0&Prime; transparent_background=\u00a0\u00bboff\u00a0\u00bb custom_padding=\u00a0\u00bb229px|0px|54px|0px|false|false\u00a0\u00bb][et_pb_row padding_mobile=\u00a0\u00bboff\u00a0\u00bb column_padding_mobile=\u00a0\u00bbon\u00a0\u00bb parallax_method_1=\u00a0\u00bboff\u00a0\u00bb admin_label=\u00a0\u00bbLigne\u00a0\u00bb _builder_version=\u00a0\u00bb3.0.48&Prime; background_size=\u00a0\u00bbinitial\u00a0\u00bb background_position=\u00a0\u00bbtop_left\u00a0\u00bb background_repeat=\u00a0\u00bbrepeat\u00a0\u00bb][et_pb_column type=\u00a0\u00bb4_4&Prime; _builder_version=\u00a0\u00bb3.0.47&Prime;][et_pb_text admin_label=\u00a0\u00bbBANDEAU\u00a0\u00bb _builder_version=\u00a0\u00bb3.19.18&Prime; text_font=\u00a0\u00bb|700|||||||\u00a0\u00bb text_font_size=\u00a0\u00bb27&Prime; header_font=\u00a0\u00bb|on|||\u00a0\u00bb header_font_size=\u00a0\u00bb42px\u00a0\u00bb background_size=\u00a0\u00bbinitial\u00a0\u00bb background_position=\u00a0\u00bbtop_left\u00a0\u00bb background_repeat=\u00a0\u00bbrepeat\u00a0\u00bb text_orientation=\u00a0\u00bbcenter\u00a0\u00bb background_layout=\u00a0\u00bbdark\u00a0\u00bb module_alignment=\u00a0\u00bbcenter\u00a0\u00bb use_border_color=\u00a0\u00bboff\u00a0\u00bb border_color=\u00a0\u00bb#ffffff\u00a0\u00bb border_style=\u00a0\u00bbsolid\u00a0\u00bb] JOURN\u00c9E D&rsquo;AUTOMNE 2019 \u00ab\u00a0Vivre aujourd&rsquo;hui avec un diab\u00e8te\u00a0\u00bb Palais des Papes, Avignon[\/et_pb_text][et_pb_divider color=\u00a0\u00bbrgba(255,255,255,0)\u00a0\u00bb divider_position=\u00a0\u00bbcenter\u00a0\u00bb divider_weight=\u00a0\u00bb8px\u00a0\u00bb disabled_on=\u00a0\u00bbon|on|off\u00a0\u00bb admin_label=\u00a0\u00bbS\u00e9parateur\u00a0\u00bb _builder_version=\u00a0\u00bb3.2&Prime; hide_on_mobile=\u00a0\u00bbon\u00a0\u00bb] \u00a0 [\/et_pb_divider][et_pb_countdown_timer [&hellip;]<\/p>\n","protected":false},"author":2,"featured_media":0,"parent":0,"menu_order":0,"comment_status":"closed","ping_status":"closed","template":"","meta":{"_et_pb_use_builder":"on","_et_pb_old_content":"","_et_gb_content_width":"","footnotes":""},"class_list":["post-1457","page","type-page","status-publish","hentry"],"_links":{"self":[{"href":"http:\/\/ja.sfdiabete.org\/index.php\/wp-json\/wp\/v2\/pages\/1457","targetHints":{"allow":["GET"]}}],"collection":[{"href":"http:\/\/ja.sfdiabete.org\/index.php\/wp-json\/wp\/v2\/pages"}],"about":[{"href":"http:\/\/ja.sfdiabete.org\/index.php\/wp-json\/wp\/v2\/types\/page"}],"author":[{"embeddable":true,"href":"http:\/\/ja.sfdiabete.org\/index.php\/wp-json\/wp\/v2\/users\/2"}],"replies":[{"embeddable":true,"href":"http:\/\/ja.sfdiabete.org\/index.php\/wp-json\/wp\/v2\/comments?post=1457"}],"version-history":[{"count":8,"href":"http:\/\/ja.sfdiabete.org\/index.php\/wp-json\/wp\/v2\/pages\/1457\/revisions"}],"predecessor-version":[{"id":1542,"href":"http:\/\/ja.sfdiabete.org\/index.php\/wp-json\/wp\/v2\/pages\/1457\/revisions\/1542"}],"wp:attachment":[{"href":"http:\/\/ja.sfdiabete.org\/index.php\/wp-json\/wp\/v2\/media?parent=1457"}],"curies":[{"name":"wp","href":"https:\/\/api.w.org\/{rel}","templated":true}]}}